{"id":114,"date":"2023-01-09T23:26:33","date_gmt":"2023-01-09T21:26:33","guid":{"rendered":"https:\/\/sites.uwasa.fi\/vyll\/?page_id=114"},"modified":"2023-01-13T12:26:34","modified_gmt":"2023-01-13T10:26:34","slug":"vyll-juhla-2023","status":"publish","type":"page","link":"https:\/\/sites.uwasa.fi\/vyll\/vyll-juhla-2023\/","title":{"rendered":"VYLLin juhlassa pohdittiin yliopisto-opettajan urapolun raja-alueita"},"content":{"rendered":"<p>Tiedote julkaistu 9.1.2023. Juhlaillallisen puheet l\u00f6ytyv\u00e4t Youtubesta osoitteesta: <a href=\"https:\/\/youtu.be\/fLAvSlyOApk\">https:\/\/youtu.be\/fLAvSlyOApk<\/a><\/p>\n<p>Vaasan yliopiston opetusalan yhdistys VYLL ry \/ OAJ Pohjanmaan YLL-jaosto juhlisti vuoden 2023 alkua Isossakyr\u00f6ss\u00e4 Kyr\u00f6Distilleryss\u00e4. Tilaisuuden teemana oli Tiede, opettaminen ja luovuus. Mukana tilaisuudessa oli yhdistyksen omien j\u00e4senten lis\u00e4ksi OAJ Pohjanmaan alueyhdistyksen puheenjohtaja Kari <strong>Nieminen<\/strong> sek\u00e4 muita hallituksen j\u00e4seni\u00e4, Yliopistojen opetusalan liiton puheenjohtaja Santeri <strong>Palviainen<\/strong> ja Vaasan yliopiston tieteentekij\u00f6iden edustaja Lotta <strong>Alhonnoro<\/strong>. Juhlaan osallistui my\u00f6s juuri Vaasan yliopiston rehtorina aloittanut Minna <strong>Martikainen<\/strong>.<\/p>\n<p>VYLLin puheenjohtaja Heli <strong>Katajam\u00e4ki<\/strong> julkisti tilaisuuden alkajaisiksi runokirjansa &#8220;P\u00f6rri\u00e4isen surinoita&#8221; julkistetuksi ja j\u00e4rjest\u00e4m\u00e4ns\u00e4 tohtoreille kohdennetun tiederunokilpailun alkaneeksi. Samalla julkaistiin runokirjan englanninkielinen (k\u00e4\u00e4nt\u00e4j\u00e4n\u00e4 Susanna <strong>R\u00f6nn<\/strong>) ja saksankielinen (k\u00e4\u00e4nt\u00e4j\u00e4n\u00e4 Tiina <strong>Sorvali<\/strong>) versio. Kyseess\u00e4 on omakustanne, jonka julkaisi Helin perustama kustannusalan yritys Ethene. Tilaisuus j\u00e4rjestettiin yhteisty\u00f6ss\u00e4 Ethenen kanssa. Mukana juhlimassa oli my\u00f6s muutamia yrityksen vieraita, kuten Isonkyr\u00f6n kunnan valtuuston puheenjohtaja Jaakko <strong>Pukkinen<\/strong>.<\/p>\n<p>&nbsp;<\/p>\n<p><strong>Tarinasta ideoita?<\/strong><\/p>\n<p>Tilaisuuden teemaa, tiede, opettaminen ja luovuus, k\u00e4siteltiin Heli Katajam\u00e4en esityksen kautta.<\/p>\n<p>\u2013 Alustuspuheessani kerroin omasta polustani sivutoimiseksi kustannusalan yritt\u00e4j\u00e4ksi, joka julkaisee aluksi oman runokirjansa. Kerroin liikkumisestani eri roolien \u2013 opettajuuden, tutkijuuden, yritt\u00e4jyyden ja luovuuden \u2013 raja-alueilla. Ajattelin, ett\u00e4 tarinani kautta p\u00e4\u00e4sisimme pohtimaan sit\u00e4, miss\u00e4 ja milloin n\u00e4m\u00e4 roolit voivat olla yksil\u00f6lle hyv\u00e4 kehityspolku organisaation sis\u00e4ll\u00e4 ja miksi kenties my\u00f6s organisaatiolle ja yhteiskunnalle hy\u00f6dyksi \u2013 tai miksi ei. Kerroin yritt\u00e4jyydest\u00e4ni esimiehelle heti perustettuani yrityksen, mutta silti minua on my\u00f6s mietitytt\u00e4nyt se, mill\u00e4 tavoin siihen suhtaudutaan ja miten sit\u00e4 voi tuoda esille.<\/p>\n<p>\u2013 Oma yritt\u00e4jyys on toisaalta herkist\u00e4nyt huomaamaan, ett\u00e4 meid\u00e4nkin yliopistossa monilla ty\u00f6ntekij\u00f6ill\u00e4 on yrityksi\u00e4 mutta en muista, ett\u00e4 niist\u00e4 olisi k\u00e4yty yleist\u00e4 keskustelua tai niit\u00e4 olisi esille nostettu. Kenties siit\u00e4 on j\u00e4\u00e4nyt alitajuntaan pieni tunne, ett\u00e4 n\u00e4in ei voi tehd\u00e4 tai ett\u00e4 puhumisessa on jotain rajoitteita, jotka on tunnistettava. N\u00e4m\u00e4 tuntemukset johtunevat omista rooleistani ja siit\u00e4kin, ett\u00e4 uusiin rooleihin kasvetaan ja niit\u00e4 opitaan tunnistamaan pikkuhiljaa. Mutta joka tapauksessa on niin, ett\u00e4 yliopistokontekstissa yritt\u00e4jyydest\u00e4 puhuttaessa keskustelua opettajien yrityspoluista on harvoin k\u00e4yty.<\/p>\n<p>\u00ad\u2013 Vieraamme keskustelussa esittiv\u00e4tkin ajatuksiaan siit\u00e4, millaisia kehittymisen polkuja yliopistot mahdollistavat ja tukevat. Aika vahvasti puheissa tuli esille, ett\u00e4 kyll\u00e4 luovuudelle ja my\u00f6s yritt\u00e4jyydelle tulisi olla tilaa nyt ja tulevaisuudessa. Juhlasta j\u00e4i hyv\u00e4 fiilis ja olo, ett\u00e4 saattoi siell\u00e4 jokin luovakin idea synty\u00e4, joka voi muuttua joksikin konkreettiseksi toimintatavaksi. T\u00e4llainen tunne luo uskoa vaikuttamisty\u00f6h\u00f6n ja siihen, ett\u00e4 siihenkin kannattaa aikaansa k\u00e4ytt\u00e4\u00e4, Heli toteaa.<\/p>\n<p><img loading=\"lazy\" decoding=\"async\" class=\"alignnone size-medium wp-image-115\" src=\"https:\/\/sites.uwasa.fi\/vyll\/wp-content\/blogs.dir\/4\/files\/sites\/75\/2023\/01\/tiinahelisusanna-300x300.jpg\" alt=\"\" width=\"300\" height=\"300\" srcset=\"https:\/\/sites.uwasa.fi\/vyll\/wp-content\/blogs.dir\/4\/files\/sites\/75\/2023\/01\/tiinahelisusanna-300x300.jpg 300w, https:\/\/sites.uwasa.fi\/vyll\/wp-content\/blogs.dir\/4\/files\/sites\/75\/2023\/01\/tiinahelisusanna-1024x1024.jpg 1024w, https:\/\/sites.uwasa.fi\/vyll\/wp-content\/blogs.dir\/4\/files\/sites\/75\/2023\/01\/tiinahelisusanna-150x150.jpg 150w, https:\/\/sites.uwasa.fi\/vyll\/wp-content\/blogs.dir\/4\/files\/sites\/75\/2023\/01\/tiinahelisusanna-768x768.jpg 768w, https:\/\/sites.uwasa.fi\/vyll\/wp-content\/blogs.dir\/4\/files\/sites\/75\/2023\/01\/tiinahelisusanna-1536x1536.jpg 1536w, https:\/\/sites.uwasa.fi\/vyll\/wp-content\/blogs.dir\/4\/files\/sites\/75\/2023\/01\/tiinahelisusanna.jpg 2048w\" sizes=\"(max-width: 300px) 100vw, 300px\" \/><img loading=\"lazy\" decoding=\"async\" class=\"alignnone wp-image-120\" src=\"https:\/\/sites.uwasa.fi\/vyll\/wp-content\/blogs.dir\/4\/files\/sites\/75\/2023\/01\/kyro-1-300x225.jpg\" alt=\"\" width=\"398\" height=\"299\" srcset=\"https:\/\/sites.uwasa.fi\/vyll\/wp-content\/blogs.dir\/4\/files\/sites\/75\/2023\/01\/kyro-1-300x225.jpg 300w, https:\/\/sites.uwasa.fi\/vyll\/wp-content\/blogs.dir\/4\/files\/sites\/75\/2023\/01\/kyro-1-1024x768.jpg 1024w, https:\/\/sites.uwasa.fi\/vyll\/wp-content\/blogs.dir\/4\/files\/sites\/75\/2023\/01\/kyro-1-768x576.jpg 768w, https:\/\/sites.uwasa.fi\/vyll\/wp-content\/blogs.dir\/4\/files\/sites\/75\/2023\/01\/kyro-1-1536x1152.jpg 1536w, https:\/\/sites.uwasa.fi\/vyll\/wp-content\/blogs.dir\/4\/files\/sites\/75\/2023\/01\/kyro-1.jpg 2000w\" sizes=\"(max-width: 398px) 100vw, 398px\" \/><\/p>\n","protected":false},"excerpt":{"rendered":"<p>Tiedote julkaistu 9.1.2023. Juhlaillallisen puheet l\u00f6ytyv\u00e4t Youtubesta osoitteesta: https:\/\/youtu.be\/fLAvSlyOApk Vaasan yliopiston opetusalan yhdistys VYLL ry \/ OAJ Pohjanmaan YLL-jaosto juhlisti vuoden 2023 alkua Isossakyr\u00f6ss\u00e4 Kyr\u00f6Distilleryss\u00e4. Tilaisuuden teemana oli Tiede, opettaminen ja luovuus. Mukana tilaisuudessa oli yhdistyksen omien j\u00e4senten lis\u00e4ksi OAJ Pohjanmaan alueyhdistyksen puheenjohtaja Kari Nieminen sek\u00e4 muita hallituksen j\u00e4seni\u00e4, Yliopistojen opetusalan liiton puheenjohtaja Santeri Palviainen [&hellip;]<\/p>\n","protected":false},"author":68,"featured_media":0,"parent":0,"menu_order":0,"comment_status":"closed","ping_status":"closed","template":"","meta":{"_acf_changed":false,"footnotes":""},"class_list":["post-114","page","type-page","status-publish","hentry"],"acf":[],"_links":{"self":[{"href":"https:\/\/sites.uwasa.fi\/vyll\/wp-json\/wp\/v2\/pages\/114"}],"collection":[{"href":"https:\/\/sites.uwasa.fi\/vyll\/wp-json\/wp\/v2\/pages"}],"about":[{"href":"https:\/\/sites.uwasa.fi\/vyll\/wp-json\/wp\/v2\/types\/page"}],"author":[{"embeddable":true,"href":"https:\/\/sites.uwasa.fi\/vyll\/wp-json\/wp\/v2\/users\/68"}],"replies":[{"embeddable":true,"href":"https:\/\/sites.uwasa.fi\/vyll\/wp-json\/wp\/v2\/comments?post=114"}],"version-history":[{"count":15,"href":"https:\/\/sites.uwasa.fi\/vyll\/wp-json\/wp\/v2\/pages\/114\/revisions"}],"predecessor-version":[{"id":133,"href":"https:\/\/sites.uwasa.fi\/vyll\/wp-json\/wp\/v2\/pages\/114\/revisions\/133"}],"wp:attachment":[{"href":"https:\/\/sites.uwasa.fi\/vyll\/wp-json\/wp\/v2\/media?parent=114"}],"curies":[{"name":"wp","href":"https:\/\/api.w.org\/{rel}","templated":true}]}}