{"id":600,"date":"2026-04-24T13:46:30","date_gmt":"2026-04-24T10:46:30","guid":{"rendered":"https:\/\/sites.uwasa.fi\/mevi2026\/?page_id=600"},"modified":"2026-04-25T15:54:39","modified_gmt":"2026-04-25T12:54:39","slug":"__trashed","status":"publish","type":"page","link":"https:\/\/sites.uwasa.fi\/mevi2026\/ohjelma\/__trashed\/","title":{"rendered":"Ty\u00f6ryhmien tarkempi aikataulu"},"content":{"rendered":"<p><!-- Mevi-p\u00e4iv\u00e4t 2026 \u2013 Ty\u00f6ryhm\u00e4t I, II ja III --><br \/>\n<!-- WordPress-yhteensopiva versio: ei DOCTYPE\/html\/head\/body-tageja, kaikki tyylit inline --><\/p>\n<p style=\"font-style: italic;color: #555;margin: 0 0 16px\">Huom. muutokset ohjelmaan ovat mahdollisia.<\/p>\n<p>Ty\u00f6ryhmien aikataulun voi ladata my\u00f6s <a href=\"https:\/\/sites.uwasa.fi\/mevi2026\/wp-content\/blogs.dir\/4\/files\/sites\/257\/2026\/04\/Mevi-paivien-2026-ohjelma.pdf\" target=\"_blank\" rel=\"noopener\">t\u00e4\u00e4lt\u00e4<\/a>.<\/p>\n<p><!-- ===== TORSTAI ===== --><\/p>\n<div style=\"background: #1e3a5f;color: #fff;padding: 10px 14px;font-weight: bold;font-size: 1.05em;margin-bottom: 0\">Torstai 7.5.2026 \/ Thursday 7 May 2026<\/div>\n<p><!-- TY\u00d6RYHM\u00c4T I --><\/p>\n<div style=\"border: 1px solid #ccc;margin-bottom: 16px\">\n<div style=\"background: #e8e8e8;padding: 8px 14px;font-weight: bold\">14:15\u201315:45 \u00a0 Ty\u00f6ryhm\u00e4t \/ Working groups I<\/div>\n<p><!-- WG: Juuret 1\/3 --><\/p>\n<div style=\"border-top: 1px solid #ccc;padding: 12px 14px;background: #f7fbf7\">\n<p style=\"font-weight: bold;color: #1a5c1a;font-size: 0.92em;margin: 0 0 6px\">Juuret \u2013 Journalismin perustat ja uudet versot \/ <em>Roots \u2013 The foundations and new offshoots of journalism<\/em> (1\/3)<\/p>\n<p><span style=\"background: #1e3a5f;color: #fff;font-size: 0.78em;padding: 1px 7px;border-radius: 3px;margin-bottom: 10px\">B209<\/span><\/p>\n<div style=\"margin-bottom: 10px;padding-bottom: 10px;border-bottom: 1px dashed #c5dcc5\">\n<p style=\"font-weight: bold;font-size: 0.88em;margin: 0 0 3px\">Uhreja ja sortajia \u2013 affektiivinen tarinankerronta Gazan sodan uutisoinnissa<\/p>\n<p style=\"font-size: 0.82em;color: #444;margin: 0\">V\u00e4it\u00f6skirjatutkija Vilja Hautamaa, Jyv\u00e4skyl\u00e4n yliopisto<\/p>\n<\/div>\n<div style=\"margin-bottom: 10px;padding-bottom: 10px;border-bottom: 1px dashed #c5dcc5\">\n<p style=\"font-weight: bold;font-size: 0.88em;margin: 0 0 3px\">Sosiaalisen median vaikuttajat osana TikTok-journalismin portinvartijuutta \u2013 Yle Kioskin tuotanto Pellolta puuroksi 2.0<\/p>\n<p style=\"font-size: 0.82em;color: #444;margin: 0\">Tutkijatohtori Margareta Salonen, Jyv\u00e4skyl\u00e4n yliopisto<\/p>\n<\/div>\n<div style=\"margin-bottom: 10px;padding-bottom: 10px;border-bottom: 1px dashed #c5dcc5\">\n<p style=\"font-weight: bold;font-size: 0.88em;margin: 0 0 3px\">Mit\u00e4 on &#8220;journalismi&#8221; l\u00e4hdesuojajuridiikan n\u00e4k\u00f6kulmasta?<\/p>\n<p style=\"font-size: 0.82em;color: #444;margin: 0\">Yliopistonlehtori, dosentti Tuomo M\u00f6r\u00e4, Helsingin yliopisto<\/p>\n<\/div>\n<div style=\"margin: 0\">\n<p style=\"font-weight: bold;font-size: 0.88em;margin: 0 0 3px\">Patriotismin paineen ja ammattietiikan yhteensovittaminen sotajournalismissa: suomalaisten toimittajien kokemuksia Ukrainan sodan uutisoinnista<\/p>\n<p style=\"font-size: 0.82em;color: #444;margin: 0\">Tutkijatohtori Joonas Koivukoski, Helsingin yliopisto<\/p>\n<\/div>\n<\/div>\n<p><!-- WG: Visuaalinen 1\/2 --><\/p>\n<div style=\"border-top: 1px solid #ccc;padding: 12px 14px;background: #f7fbf7\">\n<p style=\"font-weight: bold;color: #1a5c1a;font-size: 0.92em;margin: 0 0 6px\">Visuaalisen tutkimuksen ty\u00f6ryhm\u00e4 (1\/2)<\/p>\n<p><span style=\"background: #1e3a5f;color: #fff;font-size: 0.78em;padding: 1px 7px;border-radius: 3px;margin-bottom: 10px\">D103<\/span><\/p>\n<div style=\"margin-bottom: 10px;padding-bottom: 10px;border-bottom: 1px dashed #c5dcc5\">\n<p style=\"font-weight: bold;font-size: 0.88em;margin: 0 0 3px\">Visuaalinen autoetnografia muunlajisten el\u00e4inten toisin katsomisesta ja vaihtoehtoisesta el\u00e4inkuvasta<\/p>\n<p style=\"font-size: 0.82em;color: #444;margin: 0\">V\u00e4it\u00f6skirjatutkija Lumi Kauppinen, Tampereen yliopisto<\/p>\n<\/div>\n<div style=\"margin-bottom: 10px;padding-bottom: 10px;border-bottom: 1px dashed #c5dcc5\">\n<p style=\"font-weight: bold;font-size: 0.88em;margin: 0 0 3px\">Piilaakson juuret suomalaisessa maaper\u00e4ss\u00e4: Generatiivinen teko\u00e4ly kansallisen luontokuvaston uusintajana<\/p>\n<p style=\"font-size: 0.82em;color: #444;margin: 0\">Projektitutkija Markus Sj\u00f6berg, Tampereen yliopisto<\/p>\n<\/div>\n<div style=\"margin: 0\">\n<p style=\"font-weight: bold;font-size: 0.88em;margin: 0 0 3px\">Spekulatiivisen valokuvauksen episteemiset ulottuvuudet<\/p>\n<p style=\"font-size: 0.82em;color: #444;margin: 0\">Tutkijatohtori Niina Uusitalo, Tampereen yliopisto<br \/>\nJohtava asiantuntija Jenni Niemel\u00e4-Nyrhinen, LAB Muotoiluinstituutti<\/p>\n<\/div>\n<\/div>\n<p><!-- WG: Mediatalous 1\/3 --><\/p>\n<div style=\"border-top: 1px solid #ccc;padding: 12px 14px;background: #f7fbf7\">\n<p style=\"font-weight: bold;color: #1a5c1a;font-size: 0.92em;margin: 0 0 6px\">Mediatalouden ja viestint\u00e4politiikan ty\u00f6ryhm\u00e4 (1\/3)<\/p>\n<p><span style=\"background: #1e3a5f;color: #fff;font-size: 0.78em;padding: 1px 7px;border-radius: 3px;margin-bottom: 10px\">B211<\/span><\/p>\n<div style=\"margin-bottom: 10px;padding-bottom: 10px;border-bottom: 1px dashed #c5dcc5\">\n<p style=\"font-weight: bold;font-size: 0.88em;margin: 0 0 3px\">Media ownership across borders \u2013 how audiences experienced Bonnier News&#8217; acquisition of Swedish-language media organizations in Finland<\/p>\n<p style=\"font-size: 0.82em;color: #444;margin: 0\">Senior University Lecturer Klas Backholm, \u00c5bo Akademi University<br \/>\nDoctoral Researcher Jens Berg, Swedish School of Social Science, University of Helsinki<br \/>\nProfessor Carl-Gustav Lind\u00e9n, University of Bergen \/ Swedish School of Social Science, University of Helsinki<br \/>\nUniversity Lecturer Jenny Stenberg-Sir\u00e9n, Swedish School of Social Science, University of Helsinki<\/p>\n<\/div>\n<div style=\"margin-bottom: 10px;padding-bottom: 10px;border-bottom: 1px dashed #c5dcc5\">\n<p style=\"font-weight: bold;font-size: 0.88em;margin: 0 0 3px\">Onko omistajalla v\u00e4li\u00e4? Paikallis- ja aluelehtien omistuksen keskittymisen seuraukset 2013\u20132023<\/p>\n<p style=\"font-size: 0.82em;color: #444;margin: 0\">Tutkijatohtori Ville Manninen, Jyv\u00e4skyl\u00e4n yliopisto<br \/>\nYliopistonlehtori, dosentti Lauri Haapanen, Jyv\u00e4skyl\u00e4n yliopisto<br \/>\nV\u00e4it\u00f6skirjatutkija Niina Huuhtanen, Jyv\u00e4skyl\u00e4n yliopisto<br \/>\nV\u00e4it\u00f6skirjatutkija Visa Noronen, Jyv\u00e4skyl\u00e4n yliopisto<\/p>\n<\/div>\n<div style=\"margin-bottom: 10px;padding-bottom: 10px;border-bottom: 1px dashed #c5dcc5\">\n<p style=\"font-weight: bold;font-size: 0.88em;margin: 0 0 3px\">Konsernisis\u00e4lt\u00f6\u00e4 vai omia juttuja? Lehtikonsernien erilaiset sis\u00e4lt\u00f6strategiat<\/p>\n<p style=\"font-size: 0.82em;color: #444;margin: 0\">Yliopistonlehtori Katja Lehtisaari, Tampereen yliopisto<br \/>\nTutkimusp\u00e4\u00e4llikk\u00f6 Mikko Gr\u00f6nlund, Turun yliopisto<br \/>\nDosentti Heikki Hellman, Tampereen yliopisto<br \/>\nTutkija Risto Suikkanen, Tampereen yliopisto<br \/>\nV\u00e4it\u00f6skirjatutkija Nelli J\u00e4ntti-Tuominen, Tampereen yliopisto<br \/>\nTutkijatohtori Pauliina Penttil\u00e4, Tampereen yliopisto<\/p>\n<\/div>\n<div style=\"margin: 0\">\n<p style=\"font-weight: bold;font-size: 0.88em;margin: 0 0 3px\">Kunnat katveessa: Politiikan journalismin muutos aluemedioissa toimittajien silmin 2013\u20132023<\/p>\n<p style=\"font-size: 0.82em;color: #444;margin: 0\">V\u00e4it\u00f6skirjatutkija Niina Huuhtanen, Jyv\u00e4skyl\u00e4n yliopisto<\/p>\n<\/div>\n<\/div>\n<p><!-- WG: Misleading 1\/2 --><\/p>\n<div style=\"border-top: 1px solid #ccc;padding: 12px 14px;background: #f7fbf7\">\n<p style=\"font-weight: bold;color: #1a5c1a;font-size: 0.92em;margin: 0 0 6px\">Roots and appearance of misleading in digital communication (1\/2)<\/p>\n<p><span style=\"background: #1e3a5f;color: #fff;font-size: 0.78em;padding: 1px 7px;border-radius: 3px;margin-bottom: 10px\">D115<\/span><\/p>\n<p style=\"font-size: 0.8em;font-style: italic;color: #555;margin: 0 0 8px;border-top: 1px solid #d0e8d0;padding-top: 5px\">Misleading in the media content of consumer culture<\/p>\n<div style=\"margin-bottom: 10px;padding-bottom: 10px;border-bottom: 1px dashed #c5dcc5\">\n<p style=\"font-weight: bold;font-size: 0.88em;margin: 0 0 3px\">When anyone can scam: Relationships between human and non-human actors in online fashion stores<\/p>\n<p style=\"font-size: 0.82em;color: #444;margin: 0\">V\u00e4it\u00f6skirjatutkija Tiia Alkkiom\u00e4ki, Vaasan yliopisto<br \/>\nApulaisprofessori Henna Syrj\u00e4l\u00e4, Vaasan yliopisto<br \/>\nApulaisprofessori Hanna Leip\u00e4maa-Leskinen, Vaasan yliopisto<br \/>\nTutkijatohtori Eveliina Salmela, Vaasan yliopisto<\/p>\n<\/div>\n<div style=\"margin-bottom: 10px;padding-bottom: 10px;border-bottom: 1px dashed #c5dcc5\">\n<p style=\"font-weight: bold;font-size: 0.88em;margin: 0 0 3px\">The transformation and persuasion of hydra: Combining technological and rhetorical approaches to trace the misleading nature of an e-commerce scam<\/p>\n<p style=\"font-size: 0.82em;color: #444;margin: 0\">Post-doctoral Researcher Maria Eronen-Valli, University of Vaasa<br \/>\nPost-doctoral Researcher Emmanuel Anti, University of Vaasa<br \/>\nDoctoral Researcher Nuppu Pelevina, University of Vaasa<br \/>\nPost-doctoral Researcher Ville Vakkuri, University of Vaasa<\/p>\n<\/div>\n<div style=\"margin: 0\">\n<p style=\"font-weight: bold;font-size: 0.88em;margin: 0 0 3px\">Perspectives to &#8216;washing&#8217; in the intersection of CSR communication and consumer culture<\/p>\n<p style=\"font-size: 0.82em;color: #444;margin: 0\">Doctoral Researcher Cecilia Hjerppe, University of Vaasa<br \/>\nAssociate Professor Heidi Hirsto, University of Vaasa<\/p>\n<\/div>\n<\/div>\n<p><!-- WG: Informaatioresilienssi 1\/3 --><\/p>\n<div style=\"border-top: 1px solid #ccc;padding: 12px 14px;background: #f7fbf7\">\n<p style=\"font-weight: bold;color: #1a5c1a;font-size: 0.92em;margin: 0 0 6px\">Informaatioresilienssin moniulotteisuus median ja viestinn\u00e4n kent\u00e4ll\u00e4 \/ <em>The Multidimensionality of Information Resilience in the Field of Media and Communication Research<\/em> (1\/3)<\/p>\n<p><span style=\"background: #1e3a5f;color: #fff;font-size: 0.78em;padding: 1px 7px;border-radius: 3px;margin-bottom: 10px\">C203 Kurten<\/span><\/p>\n<div style=\"margin-bottom: 10px;padding-bottom: 10px;border-bottom: 1px dashed #c5dcc5\">\n<p style=\"font-weight: bold;font-size: 0.88em;margin: 0 0 3px\">Identiteetit, aatteet ja tunteet \u2013 v\u00e4hemmist\u00f6identiteetit affektiivisen polarisaation rakennusaineena<\/p>\n<p style=\"font-size: 0.82em;color: #444;margin: 0\">V\u00e4it\u00f6skirjatutkija Katja L\u00f6s\u00f6nen, Vaasan yliopisto<br \/>\nDekaani Merja Koskela, Vaasan yliopisto<\/p>\n<\/div>\n<div style=\"margin-bottom: 10px;padding-bottom: 10px;border-bottom: 1px dashed #c5dcc5\">\n<p style=\"font-weight: bold;font-size: 0.88em;margin: 0 0 3px\">Tietoa, tunteita, suhteita \u2013 vihre\u00e4n diskurssin juurtuminen asiantuntijoiden viestint\u00e4\u00e4n<\/p>\n<p style=\"font-size: 0.82em;color: #444;margin: 0\">Yliopisto-opettaja Liisa K\u00e4\u00e4nt\u00e4, Vaasan yliopisto<\/p>\n<\/div>\n<div style=\"margin: 0\">\n<p style=\"font-weight: bold;font-size: 0.88em;margin: 0 0 3px\">Luotettavan tiedon juuret ja informaatioresilienssi teko\u00e4lyn aikakaudella \u2013 medialukutaidosta teko\u00e4lylukutaitoon<\/p>\n<p style=\"font-size: 0.82em;color: #444;margin: 0\">Tohtoriopiskelija Maarit Aho, Maanpuolustuskorkeakoulu<\/p>\n<\/div>\n<\/div>\n<p><!-- WG: Poliittinen viestint\u00e4 1\/2 --><\/p>\n<div style=\"border-top: 1px solid #ccc;padding: 12px 14px;background: #f7fbf7\">\n<p style=\"font-weight: bold;color: #1a5c1a;font-size: 0.92em;margin: 0 0 6px\">Poliittinen viestint\u00e4 affektiivisen polarisaation aikakaudella (1\/2)<\/p>\n<p><span style=\"background: #1e3a5f;color: #fff;font-size: 0.78em;padding: 1px 7px;border-radius: 3px;margin-bottom: 10px\">D118<\/span><\/p>\n<p style=\"font-size: 0.8em;font-style: italic;color: #555;margin: 0 0 8px;border-top: 1px solid #d0e8d0;padding-top: 5px\">Poliittinen viestint\u00e4, journalismi ja polarisaatio (pj. Professori Juha Herkman)<\/p>\n<div style=\"margin-bottom: 10px;padding-bottom: 10px;border-bottom: 1px dashed #c5dcc5\">\n<p style=\"font-weight: bold;font-size: 0.88em;margin: 0 0 3px\">Kun woke Islantiin tuli<\/p>\n<p style=\"font-size: 0.82em;color: #444;margin: 0\">Dosentti Lars Lundsten, Helsingin yliopisto<\/p>\n<\/div>\n<div style=\"margin-bottom: 10px;padding-bottom: 10px;border-bottom: 1px dashed #c5dcc5\">\n<p style=\"font-weight: bold;font-size: 0.88em;margin: 0 0 3px\">Affective Polarization and Epistemological Beliefs: Audiences Beyond Journalism<\/p>\n<p style=\"font-size: 0.82em;color: #444;margin: 0\">Tutkijatohtori Salla Tuomola, Roskilden yliopisto<\/p>\n<\/div>\n<div style=\"margin-bottom: 10px;padding-bottom: 10px;border-bottom: 1px dashed #c5dcc5\">\n<p style=\"font-weight: bold;font-size: 0.88em;margin: 0 0 3px\">Yhteis\u00f6llisyydet suomalaisessa sotajournalismissa \u2013 sosiaaliantropologinen tapaustutkimus Ven\u00e4j\u00e4\u2013Ukraina-sodan uutisoinnista<\/p>\n<p style=\"font-size: 0.82em;color: #444;margin: 0\">V\u00e4it\u00f6skirjatutkija Suvi Mononen, Tampereen yliopisto<\/p>\n<\/div>\n<div style=\"margin: 0\">\n<p style=\"font-weight: bold;font-size: 0.88em;margin: 0 0 3px\">K\u00e4rjistyv\u00e4 keskusteluilmapiiri ja identiteetteihin kytketyt vastakkainasettelut: kansalaiskyselyn tuloksia<\/p>\n<p style=\"font-size: 0.82em;color: #444;margin: 0\">Yliopistotutkija Maarit M\u00e4kinen, Tampereen yliopisto, Viestint\u00e4tieteiden tutkimuskeskus<\/p>\n<\/div>\n<\/div>\n<p><!-- WG: Teko\u00e4ly journalismissa 1\/2 --><\/p>\n<div style=\"border-top: 1px solid #ccc;padding: 12px 14px;background: #f7fbf7\">\n<p style=\"font-weight: bold;color: #1a5c1a;font-size: 0.92em;margin: 0 0 6px\">Teko\u00e4ly journalismissa (1\/2)<\/p>\n<p><span style=\"background: #1e3a5f;color: #fff;font-size: 0.78em;padding: 1px 7px;border-radius: 3px;margin-bottom: 10px\">C209<\/span><\/p>\n<div style=\"margin-bottom: 10px;padding-bottom: 10px;border-bottom: 1px dashed #c5dcc5\">\n<p style=\"font-weight: bold;font-size: 0.88em;margin: 0 0 3px\">Miten k\u00e4y ihmistoimittajan? Toimituksellisen teko\u00e4lyn tulevaisuudet Nieman Labin ennusteissa 2023\u20132025<\/p>\n<p style=\"font-size: 0.82em;color: #444;margin: 0\">Tutkijatohtori Juho Ruotsalainen, Helsingin yliopisto<br \/>\nProfessori Jaana Hujanen, Helsingin yliopisto<br \/>\nTutkijatohtori Leo Lepp\u00e4nen, Helsingin yliopisto<br \/>\nProfessori Carl-Gustav Lind\u00e9n, Bergenin yliopisto<br \/>\nApurahatutkija Stefanie Sir\u00e9n-Heikel, Helsingin yliopisto<\/p>\n<\/div>\n<div style=\"margin: 0\">\n<p style=\"font-weight: bold;font-size: 0.88em;margin: 0 0 3px\">Tuliko teko\u00e4ly suomalaiseen some-journalismiin?<\/p>\n<p style=\"font-size: 0.82em;color: #444;margin: 0\">V\u00e4it\u00f6skirjatutkija Hanna Hietikko, Vaasan yliopisto<br \/>\nProjektitutkija Nuppu Pelevina, Vaasan yliopisto (v\u00e4it\u00f6skirjatutkija, Helsingin yliopisto)<br \/>\nYliopisto-opettaja Liisa K\u00e4\u00e4nt\u00e4, Vaasan yliopisto<\/p>\n<\/div>\n<\/div>\n<p><!-- WG: Televisio 1\/2 --><\/p>\n<div style=\"border-top: 1px solid #ccc;padding: 12px 14px;background: #f7fbf7\">\n<p style=\"font-weight: bold;color: #1a5c1a;font-size: 0.92em;margin: 0 0 6px\">N\u00e4k\u00f6kulmia televisioon ennen ja nyt (1\/2)<\/p>\n<p><span style=\"background: #1e3a5f;color: #fff;font-size: 0.78em;padding: 1px 7px;border-radius: 3px;margin-bottom: 10px\">D124<\/span><\/p>\n<div style=\"margin-bottom: 10px;padding-bottom: 10px;border-bottom: 1px dashed #c5dcc5\">\n<p style=\"font-weight: bold;font-size: 0.88em;margin: 0 0 3px\">Suoratoisto ja televisio episteemisten oikeuksien tukena<\/p>\n<p style=\"font-size: 0.82em;color: #444;margin: 0\">Vieraileva tutkija Marjaana Mykk\u00e4nen, Tampereen yliopisto<\/p>\n<\/div>\n<div style=\"margin-bottom: 10px;padding-bottom: 10px;border-bottom: 1px dashed #c5dcc5\">\n<p style=\"font-weight: bold;font-size: 0.88em;margin: 0 0 3px\">Menetelmi\u00e4 luovan tiimity\u00f6n ja tekijyyden tutkimiseen<\/p>\n<p style=\"font-size: 0.82em;color: #444;margin: 0\">Vieraileva tutkija Tiina Rautkorpi, Aalto-yliopisto ELO<\/p>\n<\/div>\n<div style=\"margin: 0\">\n<p style=\"font-weight: bold;font-size: 0.88em;margin: 0 0 3px\">Algoritminen teknologia ja neuvotteluja ihmistekijyydest\u00e4 dataistuvissa tuotantokulttuureissa<\/p>\n<p style=\"font-size: 0.82em;color: #444;margin: 0\">V\u00e4it\u00f6skirjatutkija Saara-Maija Kallio, Tampereen yliopisto<br \/>\nV\u00e4it\u00f6skirjatutkija Laura Sepp\u00e4l\u00e4, Tampereen yliopisto<\/p>\n<\/div>\n<\/div>\n<p><!-- WG: Viestiv\u00e4 teko\u00e4ly 1\/2 --><\/p>\n<div style=\"border-top: 1px solid #ccc;padding: 12px 14px;background: #f7fbf7\">\n<p style=\"font-weight: bold;color: #1a5c1a;font-size: 0.92em;margin: 0 0 6px\">Viestiv\u00e4n teko\u00e4lyn juuret ja joutomaat \/ <em>Communicative AI: roots and repercussions<\/em> (1\/2)<\/p>\n<p><span style=\"background: #1e3a5f;color: #fff;font-size: 0.78em;padding: 1px 7px;border-radius: 3px;margin-bottom: 10px\">D102<\/span><\/p>\n<p style=\"font-size: 0.8em;font-style: italic;color: #555;margin: 0 0 8px;border-top: 1px solid #d0e8d0;padding-top: 5px\">AI in\/at work<\/p>\n<div style=\"margin-bottom: 10px;padding-bottom: 10px;border-bottom: 1px dashed #c5dcc5\">\n<p style=\"font-weight: bold;font-size: 0.88em;margin: 0 0 3px\">Seeing What &amp; How It Works: Mapping the Use of AI tools in Fact-Checking Processes in India<\/p>\n<p style=\"font-size: 0.82em;color: #444;margin: 0\">Doctoral Researcher Anumita Goswami, Tampere University<br \/>\nBharat Nayak, Columbia University, US<\/p>\n<\/div>\n<div style=\"margin-bottom: 10px;padding-bottom: 10px;border-bottom: 1px dashed #c5dcc5\">\n<p style=\"font-weight: bold;font-size: 0.88em;margin: 0 0 3px\">Fact-Checkers vs. the AI Hype: Sober Minds in a Tech-Enchanted World<\/p>\n<p style=\"font-size: 0.82em;color: #444;margin: 0\">Assistant Professor Regina Cazzamatta, LUT University<\/p>\n<\/div>\n<div style=\"margin-bottom: 10px;padding-bottom: 10px;border-bottom: 1px dashed #c5dcc5\">\n<p style=\"font-weight: bold;font-size: 0.88em;margin: 0 0 3px\">Discursive construction of demand and agency in the nascent AI consulting market<\/p>\n<p style=\"font-size: 0.82em;color: #444;margin: 0\">Doctoral Researcher Matias Eilola, University of Jyv\u00e4skyl\u00e4<\/p>\n<\/div>\n<div style=\"margin: 0\">\n<p style=\"font-weight: bold;font-size: 0.88em;margin: 0 0 3px\">From &#8220;yay&#8221; to &#8220;meh&#8221; and back again: Knowledge workers&#8217; emotional trajectories of communicative AI adoption<\/p>\n<p style=\"font-size: 0.82em;color: #444;margin: 0\">Postdoctoral Researcher Minna Koivula, University of Jyv\u00e4skyl\u00e4<br \/>\nPostdoctoral Researcher Liisa A. M\u00e4kinen, University of Helsinki<br \/>\nPostdoctoral Researcher Mia Lepp\u00e4l\u00e4, Tampere University<br \/>\nUniversity Researcher Salla-Maaria Laaksonen, University of Helsinki<br \/>\nUniversity Lecturer Kaisa Lindholm, University of Jyv\u00e4skyl\u00e4<\/p>\n<\/div>\n<\/div>\n<p><!-- WG: Ekomedia 1\/1 --><\/p>\n<div style=\"border-top: 1px solid #ccc;padding: 12px 14px;background: #f7fbf7\">\n<p style=\"font-weight: bold;color: #1a5c1a;font-size: 0.92em;margin: 0 0 6px\">Ekomediatutkimuksen versovat kent\u00e4t (1\/1)<\/p>\n<p><span style=\"background: #1e3a5f;color: #fff;font-size: 0.78em;padding: 1px 7px;border-radius: 3px;margin-bottom: 10px\">D215<\/span><\/p>\n<div style=\"margin-bottom: 10px;padding-bottom: 10px;border-bottom: 1px dashed #c5dcc5\">\n<p style=\"font-weight: bold;font-size: 0.88em;margin: 0 0 3px\">It\u00e4meren audiovisuaalinen mielikuvitus<\/p>\n<p style=\"font-size: 0.82em;color: #444;margin: 0\">Professori Ilona Hongisto, Helsingin yliopisto<br \/>\nFM Joonas Talvila, Helsingin yliopisto<\/p>\n<\/div>\n<div style=\"margin-bottom: 10px;padding-bottom: 10px;border-bottom: 1px dashed #c5dcc5\">\n<p style=\"font-weight: bold;font-size: 0.88em;margin: 0 0 3px\">Akusto-ekologinen kuunteleminen merisuhdetta kuvaavissa dokumenttielokuvissa<\/p>\n<p style=\"font-size: 0.82em;color: #444;margin: 0\">Tutkijatohtori Niina Oisalo, Turun yliopisto<\/p>\n<\/div>\n<div style=\"margin: 0\">\n<p style=\"font-weight: bold;font-size: 0.88em;margin: 0 0 3px\">Elokuvia kaivoksista. Yst\u00e4v\u00e4t, toverit -elokuvan lehdist\u00f6vastaanotto 1990<\/p>\n<p style=\"font-size: 0.82em;color: #444;margin: 0\">Yliopistonlehtori, dosentti Laura Saarenmaa, Turun yliopisto<\/p>\n<\/div>\n<\/div>\n<p><!-- WG: Tiede ja teknologia 1\/1 --><\/p>\n<div style=\"border-top: 1px solid #ccc;padding: 12px 14px;background: #f7fbf7\">\n<p style=\"font-weight: bold;color: #1a5c1a;font-size: 0.92em;margin: 0 0 6px\">Tiede, teknologia ja asiantuntijuus julkisuudessa (1\/1)<\/p>\n<p><span style=\"background: #1e3a5f;color: #fff;font-size: 0.78em;padding: 1px 7px;border-radius: 3px;margin-bottom: 10px\">D221<\/span><\/p>\n<div style=\"margin-bottom: 10px;padding-bottom: 10px;border-bottom: 1px dashed #c5dcc5\">\n<p style=\"font-weight: bold;font-size: 0.88em;margin: 0 0 3px\">Asiantuntijuus verkon mets\u00e4keskustelussa: kansalaiskeskustelun jaetut arvot ja diskursiiviset strategiat<\/p>\n<p style=\"font-size: 0.82em;color: #444;margin: 0\">Apurahatutkija Veera Kangaspunta, Tampereen yliopisto<\/p>\n<\/div>\n<div style=\"margin-bottom: 10px;padding-bottom: 10px;border-bottom: 1px dashed #c5dcc5\">\n<p style=\"font-weight: bold;font-size: 0.88em;margin: 0 0 3px\">Tutkimuskonsortioiden v\u00e4liset viestint\u00e4rihmastot: vuorovaikutustiimin organisoituminen strategisen tutkimuksen ohjelmassa<\/p>\n<p style=\"font-size: 0.82em;color: #444;margin: 0\">V\u00e4it\u00f6skirjatutkija Marjo Honkaranta, Vaasan yliopisto<\/p>\n<\/div>\n<div style=\"margin-bottom: 10px;padding-bottom: 10px;border-bottom: 1px dashed #c5dcc5\">\n<p style=\"font-weight: bold;font-size: 0.88em;margin: 0 0 3px\">Paradoksiteoriasta l\u00e4ht\u00f6kohta organisaatiol\u00e4ht\u00f6isen tiedeviestinn\u00e4n j\u00e4nnitteiden tutkimiseen<\/p>\n<p style=\"font-size: 0.82em;color: #444;margin: 0\">V\u00e4it\u00f6skirjatutkija Salla K\u00e4ssi, Helsingin yliopisto<\/p>\n<\/div>\n<div style=\"margin-bottom: 10px;padding-bottom: 10px;border-bottom: 1px dashed #c5dcc5\">\n<p style=\"font-weight: bold;font-size: 0.88em;margin: 0 0 3px\">Popularisointistrategiat yliopistopodcasteissa \u2013 demokraattista tiedeviestint\u00e4\u00e4 ja yliopiston br\u00e4ndinrakennusta<\/p>\n<p style=\"font-size: 0.82em;color: #444;margin: 0\">Professori Merja Koskela, Vaasan yliopisto<\/p>\n<\/div>\n<div style=\"margin-bottom: 10px;padding-bottom: 10px;border-bottom: 1px dashed #c5dcc5\">\n<p style=\"font-weight: bold;font-size: 0.88em;margin: 0 0 3px\">Poliittinen ohjaus, tieteen sis\u00e4inen vallank\u00e4ytt\u00f6 ja organisaation sis\u00e4istetty kontrolli: tutkijoiden n\u00e4kemyksi\u00e4 akateemisesta vapaudesta ja sananvapaudesta<\/p>\n<p style=\"font-size: 0.82em;color: #444;margin: 0\">Professori emeritus Esa V\u00e4liverronen, Helsingin yliopisto<\/p>\n<\/div>\n<div style=\"margin: 0\">\n<p style=\"font-weight: bold;font-size: 0.88em;margin: 0 0 3px\">Episteemisen auktoriteetin tunnistamisen kriteerit korona-aikana<\/p>\n<p style=\"font-size: 0.82em;color: #444;margin: 0\">V\u00e4it\u00f6skirjatutkija Elina Uutela, Helsingin yliopisto<\/p>\n<\/div>\n<\/div>\n<\/div>\n<p><!-- \/ty\u00f6ryhm\u00e4t I --><\/p>\n<p><!-- TY\u00d6RYHM\u00c4T II --><\/p>\n<div style=\"border: 1px solid #ccc;margin-bottom: 16px\">\n<div style=\"background: #e8e8e8;padding: 8px 14px;font-weight: bold\">16:00\u201317:30 \u00a0 Ty\u00f6ryhm\u00e4t \/ Working groups II<\/div>\n<p><!-- WG: Juuret 2\/3 --><\/p>\n<div style=\"border-top: 1px solid #ccc;padding: 12px 14px;background: #f7fbf7\">\n<p style=\"font-weight: bold;color: #1a5c1a;font-size: 0.92em;margin: 0 0 6px\">Juuret \u2013 Journalismin perustat ja uudet versot \/ <em>Roots \u2013 The foundations and new offshoots of journalism<\/em> (2\/3)<\/p>\n<p><span style=\"background: #1e3a5f;color: #fff;font-size: 0.78em;padding: 1px 7px;border-radius: 3px;margin-bottom: 10px\">B209<\/span><\/p>\n<div style=\"margin-bottom: 10px;padding-bottom: 10px;border-bottom: 1px dashed #c5dcc5\">\n<p style=\"font-weight: bold;font-size: 0.88em;margin: 0 0 3px\">S\u00e4r\u00f6j\u00e4 totuuden peilitalossa? Suomalaisten erikoistoimittajien episteemiset k\u00e4sitykset ja n\u00e4kemykset journalistisesta totuudesta<\/p>\n<p style=\"font-size: 0.82em;color: #444;margin: 0\">V\u00e4it\u00f6skirjatutkija Viljami Vaarala, Helsingin yliopisto, Svenska social- och kommunalh\u00f6gskolan<\/p>\n<\/div>\n<div style=\"margin-bottom: 10px;padding-bottom: 10px;border-bottom: 1px dashed #c5dcc5\">\n<p style=\"font-weight: bold;font-size: 0.88em;margin: 0 0 3px\">Toimittajasta pomoksi: Urasiirtym\u00e4t ja niihin kiertyv\u00e4 identiteettity\u00f6 media-alan l\u00e4hijohtajien kokemuksissa<\/p>\n<p style=\"font-size: 0.82em;color: #444;margin: 0\">Projektitutkija Katariina J\u00e4rvinen, Jyv\u00e4skyl\u00e4n yliopisto<\/p>\n<\/div>\n<div style=\"margin-bottom: 10px;padding-bottom: 10px;border-bottom: 1px dashed #c5dcc5\">\n<p style=\"font-weight: bold;font-size: 0.88em;margin: 0 0 3px\">Millaisia versoja toimittajakouluissa kasvaa? Suomalaisten journalistiopiskelijoiden mietteit\u00e4 journalismista ja sen opetuksesta<\/p>\n<p style=\"font-size: 0.82em;color: #444;margin: 0\">Yliopisto-opettaja Jari V\u00e4liverronen, Tampereen yliopisto<\/p>\n<\/div>\n<div style=\"margin: 0\">\n<p style=\"font-weight: bold;font-size: 0.88em;margin: 0 0 3px\">Journalismia opiskelleiden merkityksellisyyden kokemukset ty\u00f6el\u00e4m\u00e4ss\u00e4 ja sijoittuminen median ammattikent\u00e4lle<\/p>\n<p style=\"font-size: 0.82em;color: #444;margin: 0\">Yliopistonlehtori Kari Koljonen, Tampereen yliopisto<\/p>\n<\/div>\n<\/div>\n<p><!-- WG: Visuaalinen 2\/2 --><\/p>\n<div style=\"border-top: 1px solid #ccc;padding: 12px 14px;background: #f7fbf7\">\n<p style=\"font-weight: bold;color: #1a5c1a;font-size: 0.92em;margin: 0 0 6px\">Visuaalisen tutkimuksen ty\u00f6ryhm\u00e4 (2\/2)<\/p>\n<p><span style=\"background: #1e3a5f;color: #fff;font-size: 0.78em;padding: 1px 7px;border-radius: 3px;margin-bottom: 10px\">D103<\/span><\/p>\n<div style=\"margin-bottom: 10px;padding-bottom: 10px;border-bottom: 1px dashed #c5dcc5\">\n<p style=\"font-weight: bold;font-size: 0.88em;margin: 0 0 3px\">Visuaalinen ja hetkellinen sosiaalisen median journalismi \u2013 Demokratian\u00e4k\u00f6kulma Yle Uutisten ja Helsingin Sanomien Instagram-tarinoihin<\/p>\n<p style=\"font-size: 0.82em;color: #444;margin: 0\">Tutkijatohtori Margareta Salonen, Jyv\u00e4skyl\u00e4n yliopisto<\/p>\n<\/div>\n<div style=\"margin-bottom: 10px;padding-bottom: 10px;border-bottom: 1px dashed #c5dcc5\">\n<p style=\"font-weight: bold;font-size: 0.88em;margin: 0 0 3px\">Sotaa todistamassa \u2013 eurooppalaiset uutismediakuvastot Ven\u00e4j\u00e4n hy\u00f6kk\u00e4yssodasta Ukrainassa<\/p>\n<p style=\"font-size: 0.82em;color: #444;margin: 0\">V\u00e4it\u00f6skirjatutkija Marjut Louhesto, Helsingin yliopisto<\/p>\n<\/div>\n<div style=\"margin: 0\">\n<p style=\"font-weight: bold;font-size: 0.88em;margin: 0 0 3px\">Someviattomuus: lasten representaatiot osana lapsuuden ajallista ja tilallista hallintaa<\/p>\n<p style=\"font-size: 0.82em;color: #444;margin: 0\">V\u00e4it\u00f6skirjatutkija Saara-Maija Kallio, Tampereen yliopisto<\/p>\n<\/div>\n<\/div>\n<p><!-- WG: Mediatalous 2\/3 --><\/p>\n<div style=\"border-top: 1px solid #ccc;padding: 12px 14px;background: #f7fbf7\">\n<p style=\"font-weight: bold;color: #1a5c1a;font-size: 0.92em;margin: 0 0 6px\">Mediatalouden ja viestint\u00e4politiikan ty\u00f6ryhm\u00e4 (2\/3)<\/p>\n<p><span style=\"background: #1e3a5f;color: #fff;font-size: 0.78em;padding: 1px 7px;border-radius: 3px;margin-bottom: 10px\">B211<\/span><\/p>\n<div style=\"margin-bottom: 10px;padding-bottom: 10px;border-bottom: 1px dashed #c5dcc5\">\n<p style=\"font-weight: bold;font-size: 0.88em;margin: 0 0 3px\">Kuinka sosiaalisen median vaikuttajien (&#8220;influenssereiden&#8221;) s\u00e4\u00e4ntelytarve haastaa perinteisi\u00e4 ja esitettyj\u00e4 uusia s\u00e4\u00e4ntelymalleja<\/p>\n<p style=\"font-size: 0.82em;color: #444;margin: 0\">V\u00e4it\u00f6skirjatutkija Tuija Aalto, Tampereen yliopisto<br \/>\nProfessori Riku Neuvonen, Tampereen yliopisto<\/p>\n<\/div>\n<div style=\"margin-bottom: 10px;padding-bottom: 10px;border-bottom: 1px dashed #c5dcc5\">\n<p style=\"font-weight: bold;font-size: 0.88em;margin: 0 0 3px\">Digitaalisten oikeuksien politiikasta: N\u00e4k\u00f6kulmia diskursiivisiin kamppailuihin ja kansalaistoimijoiden rooliin viestinn\u00e4n hallinnassa<\/p>\n<p style=\"font-size: 0.82em;color: #444;margin: 0\">V\u00e4it\u00f6skirjatutkija Outi Puukko, Helsingin yliopisto<\/p>\n<\/div>\n<div style=\"margin: 0\">\n<p style=\"font-weight: bold;font-size: 0.88em;margin: 0 0 3px\">Uutismedian resilienssi teknologisen murroksen keskell\u00e4<\/p>\n<p style=\"font-size: 0.82em;color: #444;margin: 0\">Professori Mikko Villi, Jyv\u00e4skyl\u00e4n yliopisto<br \/>\nYliopistonlehtori Katja Lehtisaari, Tampereen yliopisto<br \/>\nTutkimusp\u00e4\u00e4llikk\u00f6 Mikko Gr\u00f6nlund, Turun yliopisto<br \/>\nProfessori Carl-Gustav Lind\u00e9n, Bergenin yliopisto<\/p>\n<\/div>\n<\/div>\n<p><!-- WG: Misleading 2\/2 --><\/p>\n<div style=\"border-top: 1px solid #ccc;padding: 12px 14px;background: #f7fbf7\">\n<p style=\"font-weight: bold;color: #1a5c1a;font-size: 0.92em;margin: 0 0 6px\">Roots and appearance of misleading in digital communication (2\/2)<\/p>\n<p><span style=\"background: #1e3a5f;color: #fff;font-size: 0.78em;padding: 1px 7px;border-radius: 3px;margin-bottom: 10px\">D115<\/span><\/p>\n<p style=\"font-size: 0.8em;font-style: italic;color: #555;margin: 0 0 8px;border-top: 1px solid #d0e8d0;padding-top: 5px\">Technological and ideological roots of misleading<\/p>\n<div style=\"margin-bottom: 10px;padding-bottom: 10px;border-bottom: 1px dashed #c5dcc5\">\n<p style=\"font-weight: bold;font-size: 0.88em;margin: 0 0 3px\">Large language models as sites of ideological contestation \u2013 and corporate greenwashing<\/p>\n<p style=\"font-size: 0.82em;color: #444;margin: 0\">Erikoistutkija Erkki Mervaala, Suomen ymp\u00e4rist\u00f6keskus (SYKE)<br \/>\nProjektitutkija Nuppu Pelevina, Vaasan yliopisto<\/p>\n<\/div>\n<div style=\"margin-bottom: 10px;padding-bottom: 10px;border-bottom: 1px dashed #c5dcc5\">\n<p style=\"font-weight: bold;font-size: 0.88em;margin: 0 0 3px\">Tracing the roots of misleading design: Deceptive patterns in vibe coding<\/p>\n<p style=\"font-size: 0.82em;color: #444;margin: 0\">University Teacher Laura Havinen, University of Vaasa<\/p>\n<\/div>\n<div style=\"margin: 0\">\n<p style=\"font-weight: bold;font-size: 0.88em;margin: 0 0 3px\">Sum-up and discussion about a special issue<\/p>\n<\/div>\n<\/div>\n<p><!-- WG: Informaatioresilienssi 2\/3 --><\/p>\n<div style=\"border-top: 1px solid #ccc;padding: 12px 14px;background: #f7fbf7\">\n<p style=\"font-weight: bold;color: #1a5c1a;font-size: 0.92em;margin: 0 0 6px\">Informaatioresilienssin moniulotteisuus median ja viestinn\u00e4n kent\u00e4ll\u00e4 \/ <em>The Multidimensionality of Information Resilience in the Field of Media and Communication Research<\/em> (2\/3)<\/p>\n<p><span style=\"background: #1e3a5f;color: #fff;font-size: 0.78em;padding: 1px 7px;border-radius: 3px;margin-bottom: 10px\">C203 Kurten<\/span><\/p>\n<div style=\"margin-bottom: 10px;padding-bottom: 10px;border-bottom: 1px dashed #c5dcc5\">\n<p style=\"font-weight: bold;font-size: 0.88em;margin: 0 0 3px\">Informaatiointegriteetti Suomessa: tutkimuskatsaus<\/p>\n<p style=\"font-size: 0.82em;color: #444;margin: 0\">Yliopistotutkija Minna Horowitz, Helsingin yliopisto<br \/>\nYliopistotutkija Reeta P\u00f6yht\u00e4ri, Tampereen yliopisto<br \/>\nYliopistonlehtori Katja Lehtisaari, Tampereen yliopisto<br \/>\nJunior Specialist Sauli Therman, Faktabaari<\/p>\n<\/div>\n<div style=\"margin-bottom: 10px;padding-bottom: 10px;border-bottom: 1px dashed #c5dcc5\">\n<p style=\"font-weight: bold;font-size: 0.88em;margin: 0 0 3px\">Behind Verification: Unpacking the Strategic Choices Behind Fact-Checks<\/p>\n<p style=\"font-size: 0.82em;color: #444;margin: 0\">Assistant Professor Regina Cazzamatta, LUT University<\/p>\n<\/div>\n<div style=\"margin-bottom: 10px;padding-bottom: 10px;border-bottom: 1px dashed #c5dcc5\">\n<p style=\"font-weight: bold;font-size: 0.88em;margin: 0 0 3px\">Katsaus suomalaisten uutistoimijoiden resilienssiin: kyky selviyty\u00e4, sopeutua ja muuntautua h\u00e4iri\u00f6herk\u00e4ss\u00e4 mediaymp\u00e4rist\u00f6ss\u00e4<\/p>\n<p style=\"font-size: 0.82em;color: #444;margin: 0\">Tutkimusp\u00e4\u00e4llikk\u00f6 Minttu Tikka, THL<br \/>\nTutkijatohtori Henna Paakki, Helsingin yliopisto<\/p>\n<\/div>\n<div style=\"margin: 0\">\n<p style=\"font-weight: bold;font-size: 0.88em;margin: 0 0 3px\">Kuka lenn\u00e4tt\u00e4\u00e4 drooneja lentokentill\u00e4? Hybridiuhkakampanjoiden heikkojen signaalien tunnistaminen uutisaineistoista<\/p>\n<p style=\"font-size: 0.82em;color: #444;margin: 0\">Tutkijatohtori Ville Manninen, Jyv\u00e4skyl\u00e4n yliopisto<br \/>\nProfessori Turo Uskali, Jyv\u00e4skyl\u00e4n yliopisto<br \/>\nErityisasiantuntija Samuel Raunio, Turun ammattikorkeakoulu<br \/>\nErityisasiantuntija Paula Haara, Turun ammattikorkeakoulu<\/p>\n<\/div>\n<\/div>\n<p><!-- WG: Poliittinen viestint\u00e4 2\/2 --><\/p>\n<div style=\"border-top: 1px solid #ccc;padding: 12px 14px;background: #f7fbf7\">\n<p style=\"font-weight: bold;color: #1a5c1a;font-size: 0.92em;margin: 0 0 6px\">Poliittinen viestint\u00e4 affektiivisen polarisaation aikakaudella (2\/2)<\/p>\n<p><span style=\"background: #1e3a5f;color: #fff;font-size: 0.78em;padding: 1px 7px;border-radius: 3px;margin-bottom: 10px\">D118<\/span><\/p>\n<p style=\"font-size: 0.8em;font-style: italic;color: #555;margin: 0 0 8px;border-top: 1px solid #d0e8d0;padding-top: 5px\">Poliittiset organisaatiot, sosiaalinen media ja polarisaatio (pj. Tutkijatohtori Jon J\u00e4rviniemi)<\/p>\n<div style=\"margin-bottom: 10px;padding-bottom: 10px;border-bottom: 1px dashed #c5dcc5\">\n<p style=\"font-weight: bold;font-size: 0.88em;margin: 0 0 3px\">Vastakkainasettelun hy\u00f6dynt\u00e4j\u00e4t vai purkajat? Suomalaisen mets\u00e4viestinn\u00e4n ammattilaiset yhteiskunnallisen polarisaation ajassa<\/p>\n<p style=\"font-size: 0.82em;color: #444;margin: 0\">Tutkijatohtori Aino Koskenniemi, Helsingin yliopisto<\/p>\n<\/div>\n<div style=\"margin-bottom: 10px;padding-bottom: 10px;border-bottom: 1px dashed #c5dcc5\">\n<p style=\"font-weight: bold;font-size: 0.88em;margin: 0 0 3px\">Poliittiset br\u00e4ndit identiteettin\u00e4 \u2013 Puoluepuheenjohtajien ja puolueiden yhteys<\/p>\n<p style=\"font-size: 0.82em;color: #444;margin: 0\">Koulutusp\u00e4\u00e4llikk\u00f6 Elisa Kannasto, Sein\u00e4joen ammattikorkeakoulu<\/p>\n<\/div>\n<div style=\"margin-bottom: 10px;padding-bottom: 10px;border-bottom: 1px dashed #c5dcc5\">\n<p style=\"font-weight: bold;font-size: 0.88em;margin: 0 0 3px\">Affective Polarization and the Contestation of Expertise in Post-Election Twitter Discourse<\/p>\n<p style=\"font-size: 0.82em;color: #444;margin: 0\">Vanhempi yliopistonlehtori Helena Kantanen, It\u00e4-Suomen yliopisto<\/p>\n<\/div>\n<div style=\"margin: 0\">\n<p style=\"font-weight: bold;font-size: 0.88em;margin: 0 0 3px\">Feelings among friends and foes in populist communication: The Finns Party&#8217;s emotional appeals on social media in the 2023 Finnish Parliamentary Election<\/p>\n<p style=\"font-size: 0.82em;color: #444;margin: 0\">Doctoral Researcher Jesper Eklund, \u00c5bo Akademi University<\/p>\n<\/div>\n<\/div>\n<p><!-- WG: Teko\u00e4ly journalismissa 2\/2 --><\/p>\n<div style=\"border-top: 1px solid #ccc;padding: 12px 14px;background: #f7fbf7\">\n<p style=\"font-weight: bold;color: #1a5c1a;font-size: 0.92em;margin: 0 0 6px\">Teko\u00e4ly journalismissa (2\/2)<\/p>\n<p><span style=\"background: #1e3a5f;color: #fff;font-size: 0.78em;padding: 1px 7px;border-radius: 3px;margin-bottom: 10px\">C209<\/span><\/p>\n<div style=\"margin-bottom: 10px;padding-bottom: 10px;border-bottom: 1px dashed #c5dcc5\">\n<p style=\"font-weight: bold;font-size: 0.88em;margin: 0 0 3px\">Jotain vanhaa, jotain uutta, jotain lainattua? Journalististen roolien uudelleenj\u00e4rjestely generatiivisen teko\u00e4lyn kautta<\/p>\n<p style=\"font-size: 0.82em;color: #444;margin: 0\">V\u00e4it\u00f6skirjatutkija Stefanie Sir\u00e9n-Heikel, Svenska social- och kommunalh\u00f6gskolan vid Helsingfors universitet<br \/>\nTohtori Juho Ruotsalainen, Helsingin yliopisto<br \/>\nProfessori Jaana Hujanen, Helsingin yliopisto<br \/>\nTutkijatohtori Leo Lepp\u00e4nen, Helsingin yliopisto<br \/>\nProfessori Carl-Gustav Lind\u00e9n, Bergenin yliopisto<\/p>\n<\/div>\n<div style=\"margin-bottom: 10px;padding-bottom: 10px;border-bottom: 1px dashed #c5dcc5\">\n<p style=\"font-weight: bold;font-size: 0.88em;margin: 0 0 3px\">Generatiivinen teko\u00e4ly uutistuotannossa: Selkokieli, saavutettavuus ja vaikeiden yleis\u00f6ryhmien tavoittaminen<\/p>\n<p style=\"font-size: 0.82em;color: #444;margin: 0\">Lehtori, v\u00e4it\u00f6skirjatutkija Laura Kettunen, Haaga-Helia ammattikorkeakoulu \/ Jyv\u00e4skyl\u00e4n yliopisto<br \/>\nVanhempi tutkija Janne Kauttonen, Haaga-Helia ammattikorkeakoulu<br \/>\nProfessori Mikko Villi, Jyv\u00e4skyl\u00e4n yliopisto<br \/>\nTutkimusavustaja Riikka Maukonen, Jyv\u00e4skyl\u00e4n yliopisto<\/p>\n<\/div>\n<div style=\"margin: 0\">\n<p style=\"font-weight: bold;font-size: 0.88em;margin: 0 0 3px\">Ty\u00f6kalu, ty\u00f6pari vai jotain muuta?<\/p>\n<p style=\"font-size: 0.82em;color: #444;margin: 0\">Yliopistonlehtori, dosentti Lauri Haapanen, Jyv\u00e4skyl\u00e4n yliopisto<\/p>\n<\/div>\n<\/div>\n<p><!-- WG: Televisio 2\/2 --><\/p>\n<div style=\"border-top: 1px solid #ccc;padding: 12px 14px;background: #f7fbf7\">\n<p style=\"font-weight: bold;color: #1a5c1a;font-size: 0.92em;margin: 0 0 6px\">N\u00e4k\u00f6kulmia televisioon ennen ja nyt (2\/2)<\/p>\n<p><span style=\"background: #1e3a5f;color: #fff;font-size: 0.78em;padding: 1px 7px;border-radius: 3px;margin-bottom: 10px\">D124<\/span><\/p>\n<div style=\"margin-bottom: 10px;padding-bottom: 10px;border-bottom: 1px dashed #c5dcc5\">\n<p style=\"font-weight: bold;font-size: 0.88em;margin: 0 0 3px\">Vapaasti n\u00e4kyv\u00e4n tv-urheilun avoimet tulevaisuudet<\/p>\n<p style=\"font-size: 0.82em;color: #444;margin: 0\">Yliopistotutkija, dosentti Sami Suodenjoki, Tampereen yliopisto<br \/>\nV\u00e4it\u00f6skirjatutkija Sami Koskelainen, Helsingin yliopisto<br \/>\nIntendentti Jouni Lavikainen, Tahto-urheilumuseo<\/p>\n<\/div>\n<div style=\"margin-bottom: 10px;padding-bottom: 10px;border-bottom: 1px dashed #c5dcc5\">\n<p style=\"font-weight: bold;font-size: 0.88em;margin: 0 0 3px\">Filmiv\u00e4l\u00e4hdyksist\u00e4 kisastudion tunnelmiin: Sibelius-viulukilpailun televisointi 1965\u20132025<\/p>\n<p style=\"font-size: 0.82em;color: #444;margin: 0\">Yliopistonlehtori Mari Pajala, Turun yliopisto<\/p>\n<\/div>\n<div style=\"margin: 0\">\n<p style=\"font-weight: bold;font-size: 0.88em;margin: 0 0 3px\">&#8220;Sun pit\u00e4\u00e4 uskoo sun juttuu&#8221; \u2013 Tunnestruktuuri ja vaurastumisen subjektik\u00e4sitykset dokumenttisarjassa Sijoittajat<\/p>\n<p style=\"font-size: 0.82em;color: #444;margin: 0\">Yliopistonlehtori Eliisa Vainikka, Vaasan yliopisto<\/p>\n<\/div>\n<\/div>\n<p><!-- WG: Viestiv\u00e4 teko\u00e4ly 2\/2 --><\/p>\n<div style=\"border-top: 1px solid #ccc;padding: 12px 14px;background: #f7fbf7\">\n<p style=\"font-weight: bold;color: #1a5c1a;font-size: 0.92em;margin: 0 0 6px\">Viestiv\u00e4n teko\u00e4lyn juuret ja joutomaat \/ <em>Communicative AI: roots and repercussions<\/em> (2\/2)<\/p>\n<p><span style=\"background: #1e3a5f;color: #fff;font-size: 0.78em;padding: 1px 7px;border-radius: 3px;margin-bottom: 10px\">D102<\/span><\/p>\n<p style=\"font-size: 0.8em;font-style: italic;color: #555;margin: 0 0 8px;border-top: 1px solid #d0e8d0;padding-top: 5px\">Digitaaliset kulttuurit ja teko\u00e4ly<\/p>\n<div style=\"margin-bottom: 10px;padding-bottom: 10px;border-bottom: 1px dashed #c5dcc5\">\n<p style=\"font-weight: bold;font-size: 0.88em;margin: 0 0 3px\">Teko\u00e4lyvideoiden lattea lumous<\/p>\n<p style=\"font-size: 0.82em;color: #444;margin: 0\">Apulaisprofessori Outi Hakola, It\u00e4-Suomen yliopisto<\/p>\n<\/div>\n<div style=\"margin-bottom: 10px;padding-bottom: 10px;border-bottom: 1px dashed #c5dcc5\">\n<p style=\"font-weight: bold;font-size: 0.88em;margin: 0 0 3px\">Automaattirakkaita ja megakoneita \u2013 Tietokoneisuus suomenkielisess\u00e4 populaarimusiikissa 1970-luvulta 2000-luvulle<\/p>\n<p style=\"font-size: 0.82em;color: #444;margin: 0\">Professori Jaakko Suominen, Turun yliopisto<br \/>\nVanhempi yliopistonlehtori Markku Reunanen, Aalto-yliopisto<\/p>\n<\/div>\n<div style=\"margin-bottom: 10px;padding-bottom: 10px;border-bottom: 1px dashed #c5dcc5\">\n<p style=\"font-weight: bold;font-size: 0.88em;margin: 0 0 3px\">Meemit ja teko\u00e4lyn visuaaliset kuvitelmat digitaalisessa kulttuurissa<\/p>\n<p style=\"font-size: 0.82em;color: #444;margin: 0\">Tutkijatohtori Heidi Mikkola, Vaasan yliopisto<\/p>\n<\/div>\n<div style=\"margin: 0\">\n<p style=\"font-weight: bold;font-size: 0.88em;margin: 0 0 3px\">Teko\u00e4lyohjeistusten kertomaa ja piilottamaa<\/p>\n<p style=\"font-size: 0.82em;color: #444;margin: 0\">Vanhempi tutkija, dosentti Anne Laajalahti, Vaasan yliopisto<br \/>\nProfessori Tanja Sihvonen, Vaasan yliopisto<br \/>\nTutkimusavustaja Jimmy M\u00e4kel\u00e4, Vaasan yliopisto<\/p>\n<\/div>\n<\/div>\n<p><!-- WG: Media ja kest\u00e4vyys 1\/2 --><\/p>\n<div style=\"border-top: 1px solid #ccc;padding: 12px 14px;background: #f7fbf7\">\n<p style=\"font-weight: bold;color: #1a5c1a;font-size: 0.92em;margin: 0 0 6px\">Media, teknologia ja kest\u00e4vyys \/ <em>Media, technology, and sustainability<\/em> (1\/2)<\/p>\n<p><span style=\"background: #1e3a5f;color: #fff;font-size: 0.78em;padding: 1px 7px;border-radius: 3px;margin-bottom: 10px\">D215<\/span><\/p>\n<div style=\"margin-bottom: 10px;padding-bottom: 10px;border-bottom: 1px dashed #c5dcc5\">\n<p style=\"font-weight: bold;font-size: 0.88em;margin: 0 0 3px\">Digitaalinen j\u00e4te tutkimuksellisena linssin\u00e4 dataistuneeseen yhteiskuntaan<\/p>\n<p style=\"font-size: 0.82em;color: #444;margin: 0\">V\u00e4it\u00f6skirjatutkija Antti Kurko, Tampereen yliopisto<\/p>\n<\/div>\n<div style=\"margin-bottom: 10px;padding-bottom: 10px;border-bottom: 1px dashed #c5dcc5\">\n<p style=\"font-weight: bold;font-size: 0.88em;margin: 0 0 3px\">Kun Par(at)iisia ei en\u00e4\u00e4 ole \u2013 Plutoseeni ja ep\u00e4kuollut kuva<\/p>\n<p style=\"font-size: 0.82em;color: #444;margin: 0\">V\u00e4it\u00f6skirjatutkija Hebe Ronkainen, Turun yliopisto<\/p>\n<\/div>\n<div style=\"margin: 0\">\n<p style=\"font-weight: bold;font-size: 0.88em;margin: 0 0 3px\">V\u00e4littymisen antropologia ekokriittisen\u00e4 n\u00e4k\u00f6kulmana<\/p>\n<p style=\"font-size: 0.82em;color: #444;margin: 0\">Professori Tarja Rautiainen-Keskustalo, Tampereen yliopisto<\/p>\n<\/div>\n<\/div>\n<\/div>\n<p><!-- \/ty\u00f6ryhm\u00e4t II --><\/p>\n<p><!-- ===== PERJANTAI ===== --><\/p>\n<div style=\"background: #1e3a5f;color: #fff;padding: 10px 14px;font-weight: bold;font-size: 1.05em;margin-bottom: 0\">Perjantai 8.5.2026 \/ Friday 8 May 2026<\/div>\n<p><!-- TY\u00d6RYHM\u00c4T III --><\/p>\n<div style=\"border: 1px solid #ccc;margin-bottom: 16px\">\n<div style=\"background: #e8e8e8;padding: 8px 14px;font-weight: bold\">10:00\u201311:30 \u00a0 Ty\u00f6ryhm\u00e4t \/ Working groups III<\/div>\n<p><!-- WG: Juuret 3\/3 --><\/p>\n<div style=\"border-top: 1px solid #ccc;padding: 12px 14px;background: #f7fbf7\">\n<p style=\"font-weight: bold;color: #1a5c1a;font-size: 0.92em;margin: 0 0 6px\">Juuret \u2013 Journalismin perustat ja uudet versot \/ <em>Roots \u2013 The foundations and new offshoots of journalism<\/em> (3\/3)<\/p>\n<p><span style=\"background: #1e3a5f;color: #fff;font-size: 0.78em;padding: 1px 7px;border-radius: 3px;margin-bottom: 10px\">B209<\/span><\/p>\n<div style=\"margin-bottom: 10px;padding-bottom: 10px;border-bottom: 1px dashed #c5dcc5\">\n<p style=\"font-weight: bold;font-size: 0.88em;margin: 0 0 3px\">Analytiikka vaikuttaa moneen \u2013 uutisarvojen muutos suomalaisissa alueellisissa ja paikallisissa tiedotusv\u00e4lineiss\u00e4<\/p>\n<p style=\"font-size: 0.82em;color: #444;margin: 0\">V\u00e4it\u00f6skirjatutkija Visa Noronen, Jyv\u00e4skyl\u00e4n yliopisto<\/p>\n<\/div>\n<div style=\"margin-bottom: 10px;padding-bottom: 10px;border-bottom: 1px dashed #c5dcc5\">\n<p style=\"font-weight: bold;font-size: 0.88em;margin: 0 0 3px\">The Adaptive Turn in Journalism: Conceptualizing the algorithmic co-constitution of the news media-audience relationship<\/p>\n<p style=\"font-size: 0.82em;color: #444;margin: 0\">V\u00e4it\u00f6skirjatutkija Liisa Ovaska, Tampereen yliopisto<\/p>\n<\/div>\n<div style=\"margin-bottom: 10px;padding-bottom: 10px;border-bottom: 1px dashed #c5dcc5\">\n<p style=\"font-weight: bold;font-size: 0.88em;margin: 0 0 3px\">Pelillist\u00e4misen mahdollisuudet seniorien ohjaamisessa digitaalisen journalismin pariin<\/p>\n<p style=\"font-size: 0.82em;color: #444;margin: 0\">V\u00e4it\u00f6skirjatutkija Hanna Hietikko, Vaasan yliopisto<\/p>\n<\/div>\n<div style=\"margin: 0\">\n<p style=\"font-weight: bold;font-size: 0.88em;margin: 0 0 3px\">Postia toimitukselle \u2013 yleis\u00f6palautteen ja juttuvinkkien k\u00e4sittely, sis\u00e4lt\u00f6 ja merkitys toimituksissa<\/p>\n<p style=\"font-size: 0.82em;color: #444;margin: 0\">Tutkijatohtori Pauliina Penttil\u00e4, Tampereen yliopisto<\/p>\n<\/div>\n<\/div>\n<p><!-- WG: Media ja kest\u00e4vyys 2\/2 --><\/p>\n<div style=\"border-top: 1px solid #ccc;padding: 12px 14px;background: #f7fbf7\">\n<p style=\"font-weight: bold;color: #1a5c1a;font-size: 0.92em;margin: 0 0 6px\">Media, teknologia ja kest\u00e4vyys \/ <em>Media, technology, and sustainability<\/em> (2\/2)<\/p>\n<p><span style=\"background: #1e3a5f;color: #fff;font-size: 0.78em;padding: 1px 7px;border-radius: 3px;margin-bottom: 10px\">D102<\/span><\/p>\n<div style=\"margin-bottom: 10px;padding-bottom: 10px;border-bottom: 1px dashed #c5dcc5\">\n<p style=\"font-weight: bold;font-size: 0.88em;margin: 0 0 3px\">Hoiva ja digitaalisen kest\u00e4vyyden politiikat<\/p>\n<p style=\"font-size: 0.82em;color: #444;margin: 0\">Apulaisprofessori Minna Vigren, LUT-yliopisto<\/p>\n<\/div>\n<div style=\"margin-bottom: 10px;padding-bottom: 10px;border-bottom: 1px dashed #c5dcc5\">\n<p style=\"font-weight: bold;font-size: 0.88em;margin: 0 0 3px\">Mediateknologioiden uudet k\u00e4ytt\u00f6tavat \u2013 Hoiva, leikkisyys ja media-arkeologinen l\u00e4hestymistapa n\u00e4k\u00f6kulmina median ekologisuuteen<\/p>\n<p style=\"font-size: 0.82em;color: #444;margin: 0\">Tutkijatohtori Lilli Sihvonen, Vaasan yliopisto<\/p>\n<\/div>\n<div style=\"margin: 0\">\n<p style=\"font-weight: bold;font-size: 0.88em;margin: 0 0 3px\">Huolesta hoivaan? Luontodokumentit, ilmastonmuutos ja valikoiva huomio<\/p>\n<p style=\"font-size: 0.82em;color: #444;margin: 0\">Tutkijatohtori Heidi Mikkola, Vaasan yliopisto<\/p>\n<\/div>\n<\/div>\n<p><!-- WG: Mediatalous 3\/3 --><\/p>\n<div style=\"border-top: 1px solid #ccc;padding: 12px 14px;background: #f7fbf7\">\n<p style=\"font-weight: bold;color: #1a5c1a;font-size: 0.92em;margin: 0 0 6px\">Mediatalouden ja viestint\u00e4politiikan ty\u00f6ryhm\u00e4 (3\/3)<\/p>\n<p><span style=\"background: #1e3a5f;color: #fff;font-size: 0.78em;padding: 1px 7px;border-radius: 3px;margin-bottom: 10px\">B211<\/span><\/p>\n<div style=\"margin-bottom: 10px;padding-bottom: 10px;border-bottom: 1px dashed #c5dcc5\">\n<p style=\"font-weight: bold;font-size: 0.88em;margin: 0 0 3px\">Suomalaisen viestint\u00e4politiikan tutkimuksen trendej\u00e4: ylitarjontaa ja sokeita pisteit\u00e4?<\/p>\n<p style=\"font-size: 0.82em;color: #444;margin: 0\">Professori Hannu Nieminen, Vytautas Magnus University, Kaunas ja Helsingin yliopisto<\/p>\n<\/div>\n<div style=\"margin: 0\">\n<p style=\"font-weight: bold;font-size: 0.88em;margin: 0 0 3px\">Yleisradion toinen vuosisata?<\/p>\n<p style=\"font-size: 0.82em;color: #444;margin: 0\">Yliopistonlehtori Marko Ala-Fossi, Tampereen yliopisto<\/p>\n<\/div>\n<\/div>\n<p><!-- WG: When News 1\/1 --><\/p>\n<div style=\"border-top: 1px solid #ccc;padding: 12px 14px;background: #f7fbf7\">\n<p style=\"font-weight: bold;color: #1a5c1a;font-size: 0.92em;margin: 0 0 6px\">When News Meet Planetary Boundaries: Rethinking Journalism (1\/1)<\/p>\n<p><span style=\"background: #1e3a5f;color: #fff;font-size: 0.78em;padding: 1px 7px;border-radius: 3px;margin-bottom: 10px\">D103<\/span><\/p>\n<div style=\"margin-bottom: 10px;padding-bottom: 10px;border-bottom: 1px dashed #c5dcc5\">\n<p style=\"font-weight: bold;font-size: 0.88em;margin: 0 0 3px\">&#8220;T\u00e4m\u00e4 sai minut innostumaan journalismista entist\u00e4kin enemm\u00e4n!&#8221; \u2013 Reflektiota kest\u00e4v\u00e4n journalismin opetuksesta<\/p>\n<p style=\"font-size: 0.82em;color: #444;margin: 0\">V\u00e4it\u00f6skirjatutkija Mikko Hautakangas, Tampereen yliopisto<br \/>\nYliopistonopettaja Matleena Ylikoski, Jyv\u00e4skyl\u00e4n yliopisto<\/p>\n<\/div>\n<div style=\"margin-bottom: 10px;padding-bottom: 10px;border-bottom: 1px dashed #c5dcc5\">\n<p style=\"font-weight: bold;font-size: 0.88em;margin: 0 0 3px\">Journalismia valmistavien mediatalojen kest\u00e4vyyssuunnitelmat logistisen mielikuvituksen paikkoina<\/p>\n<p style=\"font-size: 0.82em;color: #444;margin: 0\">V\u00e4it\u00f6skirjatutkija Aino Kangaspuro Haaparanta, Tampereen yliopisto<\/p>\n<\/div>\n<div style=\"margin: 0\">\n<p style=\"font-weight: bold;font-size: 0.88em;margin: 0 0 3px\">Rikosorientoitunutta journalismia? Ilmasto- ja ymp\u00e4rist\u00f6aktivismin uutisoinnin l\u00e4hteill\u00e4<\/p>\n<p style=\"font-size: 0.82em;color: #444;margin: 0\">V\u00e4it\u00f6skirjatutkija Nelli J\u00e4ntti-Tuominen, Tampereen yliopisto<\/p>\n<\/div>\n<\/div>\n<p><!-- WG: Informaatioresilienssi 3\/3 --><\/p>\n<div style=\"border-top: 1px solid #ccc;padding: 12px 14px;background: #f7fbf7\">\n<p style=\"font-weight: bold;color: #1a5c1a;font-size: 0.92em;margin: 0 0 6px\">Informaatioresilienssin moniulotteisuus median ja viestinn\u00e4n kent\u00e4ll\u00e4 \/ <em>The Multidimensionality of Information Resilience in the Field of Media and Communication Research<\/em> (3\/3)<\/p>\n<p><span style=\"background: #1e3a5f;color: #fff;font-size: 0.78em;padding: 1px 7px;border-radius: 3px;margin-bottom: 10px\">C209<\/span><\/p>\n<div style=\"margin-bottom: 10px;padding-bottom: 10px;border-bottom: 1px dashed #c5dcc5\">\n<p style=\"font-weight: bold;font-size: 0.88em;margin: 0 0 3px\">Somevaikuttajat informaatioresilienssin ja maanpuolustussuhteen rakentajina?<\/p>\n<p style=\"font-size: 0.82em;color: #444;margin: 0\">Tutkijatohtori Hanna Reinikainen, Helsingin yliopisto<br \/>\nV\u00e4it\u00f6skirjatutkija Nuppu Pelevina, Helsingin yliopisto<br \/>\nYliopistotutkija, dosentti Salla-Maaria Laaksonen, Helsingin yliopisto<\/p>\n<\/div>\n<div style=\"margin-bottom: 10px;padding-bottom: 10px;border-bottom: 1px dashed #c5dcc5\">\n<p style=\"font-weight: bold;font-size: 0.88em;margin: 0 0 3px\">Digitaalinen irrottautuminen informaatioresilienssin keinona<\/p>\n<p style=\"font-size: 0.82em;color: #444;margin: 0\">Apulaisprofessori Karoliina Talvitie-Lamberg, Jyv\u00e4skyl\u00e4n yliopisto<br \/>\nYliopistonlehtori, dosentti Leena Ripatti-Torniainen, Tampereen yliopisto<br \/>\nTutkija Sanna Valtonen, Tampereen yliopisto<\/p>\n<\/div>\n<div style=\"margin: 0\">\n<p style=\"font-weight: bold;font-size: 0.88em;margin: 0 0 3px\">L\u00e4nsi toimijana ja toiminnan kohteena suomalaisissa Ukrainan sotaa k\u00e4sitteleviss\u00e4 uutisissa. Digitaalisen humanismin l\u00e4hestymistapoja<\/p>\n<p style=\"font-size: 0.82em;color: #444;margin: 0\">Tutkijatohtori, dosentti Jere Kyyr\u00f6, Tampereen yliopisto<\/p>\n<\/div>\n<\/div>\n<\/div>\n","protected":false},"excerpt":{"rendered":"<p>Huom. muutokset ohjelmaan ovat mahdollisia. Ty\u00f6ryhmien aikataulun voi ladata my\u00f6s t\u00e4\u00e4lt\u00e4. Torstai 7.5.2026 \/ Thursday 7 May 2026 14:15\u201315:45 \u00a0 Ty\u00f6ryhm\u00e4t \/ Working groups I Juuret \u2013 Journalismin perustat ja uudet versot \/ Roots \u2013 The foundations and new offshoots of journalism (1\/3) B209 Uhreja ja sortajia \u2013 affektiivinen tarinankerronta Gazan sodan uutisoinnissa V\u00e4it\u00f6skirjatutkija Vilja [&hellip;]<\/p>\n","protected":false},"author":586,"featured_media":0,"parent":22,"menu_order":1,"comment_status":"closed","ping_status":"closed","template":"","meta":{"_acf_changed":false,"footnotes":""},"class_list":["post-600","page","type-page","status-publish","hentry"],"acf":[],"lang":"fi","translations":{"fi":600,"en":643},"pll_sync_post":[],"_links":{"self":[{"href":"https:\/\/sites.uwasa.fi\/mevi2026\/wp-json\/wp\/v2\/pages\/600"}],"collection":[{"href":"https:\/\/sites.uwasa.fi\/mevi2026\/wp-json\/wp\/v2\/pages"}],"about":[{"href":"https:\/\/sites.uwasa.fi\/mevi2026\/wp-json\/wp\/v2\/types\/page"}],"author":[{"embeddable":true,"href":"https:\/\/sites.uwasa.fi\/mevi2026\/wp-json\/wp\/v2\/users\/586"}],"replies":[{"embeddable":true,"href":"https:\/\/sites.uwasa.fi\/mevi2026\/wp-json\/wp\/v2\/comments?post=600"}],"version-history":[{"count":32,"href":"https:\/\/sites.uwasa.fi\/mevi2026\/wp-json\/wp\/v2\/pages\/600\/revisions"}],"predecessor-version":[{"id":640,"href":"https:\/\/sites.uwasa.fi\/mevi2026\/wp-json\/wp\/v2\/pages\/600\/revisions\/640"}],"up":[{"embeddable":true,"href":"https:\/\/sites.uwasa.fi\/mevi2026\/wp-json\/wp\/v2\/pages\/22"}],"wp:attachment":[{"href":"https:\/\/sites.uwasa.fi\/mevi2026\/wp-json\/wp\/v2\/media?parent=600"}],"curies":[{"name":"wp","href":"https:\/\/api.w.org\/{rel}","templated":true}]}}