{"id":417,"date":"2026-03-04T10:42:59","date_gmt":"2026-03-04T08:42:59","guid":{"rendered":"https:\/\/sites.uwasa.fi\/mevi2026\/?page_id=417"},"modified":"2026-04-21T08:59:21","modified_gmt":"2026-04-21T05:59:21","slug":"programme","status":"publish","type":"page","link":"https:\/\/sites.uwasa.fi\/mevi2026\/en\/programme\/","title":{"rendered":"Program"},"content":{"rendered":"<h2><\/h2>\n<h2><strong>Schedule for Mevi Days<img loading=\"lazy\" decoding=\"async\" class=\"wp-image-587 alignright\" src=\"https:\/\/sites.uwasa.fi\/mevi2026\/wp-content\/blogs.dir\/4\/files\/sites\/257\/2026\/04\/mustikka-238x300.jpg\" alt=\"\" width=\"157\" height=\"198\" srcset=\"https:\/\/sites.uwasa.fi\/mevi2026\/wp-content\/blogs.dir\/4\/files\/sites\/257\/2026\/04\/mustikka-238x300.jpg 238w, https:\/\/sites.uwasa.fi\/mevi2026\/wp-content\/blogs.dir\/4\/files\/sites\/257\/2026\/04\/mustikka-814x1024.jpg 814w, https:\/\/sites.uwasa.fi\/mevi2026\/wp-content\/blogs.dir\/4\/files\/sites\/257\/2026\/04\/mustikka-768x966.jpg 768w, https:\/\/sites.uwasa.fi\/mevi2026\/wp-content\/blogs.dir\/4\/files\/sites\/257\/2026\/04\/mustikka-1221x1536.jpg 1221w, https:\/\/sites.uwasa.fi\/mevi2026\/wp-content\/blogs.dir\/4\/files\/sites\/257\/2026\/04\/mustikka.jpg 1628w\" sizes=\"(max-width: 157px) 100vw, 157px\" \/><\/strong><\/h2>\n<p><em>Note: changes to the program are possible.<\/em><\/p>\n<p data-start=\"73\" data-end=\"131\" data-is-last-node=\"\" data-is-only-node=\"\">The schedule file can also be downloaded as a <a href=\"https:\/\/sites.uwasa.fi\/mevi2026\/wp-content\/blogs.dir\/4\/files\/sites\/257\/2026\/04\/Mevi-paivien-2026-ohjelmarunko-1.pdf\" target=\"_blank\" rel=\"noopener\">PDF version<\/a>.<\/p>\n<p>&nbsp;<\/p>\n<p>&nbsp;<\/p>\n<p>&nbsp;<\/p>\n<div style=\"font-family: Arial, sans-serif;line-height: 1.5\">\n<p><!-- KESKIVIIKKO --><\/p>\n<div style=\"background: #1e3a5f;color: #fff;padding: 10px;font-weight: bold\">Keskiviikko 6.5.2026 \/ Wednesday 6 May 2026<\/div>\n<div style=\"border: 1px solid #ddd;margin-bottom: 10px\">\n<div style=\"background: #f0f0f0;padding: 8px;font-weight: bold\">18:00<\/div>\n<div style=\"background: #f5f5f5;padding: 10px\">\n<p><strong>Ennakko-ohjelma \/ Preliminary program<\/strong><\/p>\n<p>Moni\u00e4\u00e4nisen median kuumat perunat -keskustelu: Miten ADHD-diagnooseista puhutaan julkisuudessa?<br \/>\nRoundtable: A hot potato of multi-voiced media: How is the ADHD diagnosis discussed in public?<br \/>\n[Discussion in Finnish.]<\/p>\n<p>Paikka \/ Place:<br \/>\nVaasan kaupunginkirjasto, Draama-sali<br \/>\nVaasa City Library, Draama hall<\/p>\n<p>Tapahtuman tiedot \/ programme information: <a href=\"https:\/\/www.facebook.com\/events\/806788641713135\" target=\"_blank\" rel=\"noopener\">Facebook<\/a><br \/>\nKartta \/ map: <a href=\"https:\/\/maps.app.goo.gl\/vYawEKkshCYzv5k38\" target=\"_blank\" rel=\"noopener\">https:\/\/maps.app.goo.gl\/vYawEKkshCYzv5k38<\/a><\/p>\n<\/div>\n<\/div>\n<p><!-- TORSTAI --><\/p>\n<div style=\"background: #1e3a5f;color: #fff;padding: 10px;font-weight: bold\">Torstai 7.5.2026 \/ Thursday 7 May 2026<\/div>\n<div style=\"border: 1px solid #ddd;margin-bottom: 10px\">\n<div style=\"background: #f0f0f0;padding: 8px;font-weight: bold\">9:00\u201317:00<\/div>\n<div style=\"background: #f5f5f5;padding: 10px\"><strong>Ilmoittautuminen ja infotiski auki \/ Registration &amp; info desk open<\/strong><br \/>\nTervahovin p\u00e4\u00e4aula \/ Tervahovi main entrance<br \/>\nWolffintie 32<\/div>\n<\/div>\n<div style=\"border: 1px solid #ddd;margin-bottom: 10px\">\n<div style=\"background: #f0f0f0;padding: 8px;font-weight: bold\">10:00\u201311:30<\/div>\n<div style=\"padding: 10px\">\n<div style=\"background: #f5f5f5;padding: 8px;margin-bottom: 5px\"><strong>Jatko-opiskelijoiden kokoontuminen \/ Postgraduate students\u2019 meeting<\/strong><br \/>\nPaikka \/ Place: Nissi, Ankkuri<br \/>\nKahvitus Nissin edess\u00e4 9:30\u201310:00<\/div>\n<div style=\"background: #f5f5f5;padding: 8px\"><strong>Yhteis\u00f6j\u00e4senten kokoontuminen \/ Community members\u2019 meeting<\/strong><br \/>\nPaikka \/ Place: Vuokko, Ankkuri<br \/>\nKahvitus Nissin edess\u00e4 9:30\u201310:00<\/div>\n<\/div>\n<\/div>\n<div style=\"border: 1px solid #ddd;margin-bottom: 10px\">\n<div style=\"background: #f0f0f0;padding: 8px;font-weight: bold\">11:30\u201312:30<\/div>\n<div style=\"background: #f5f5f5;padding: 10px\"><strong>Lounas \/ Lunch<\/strong><br \/>\nRavintola Mathilda, kampus \/ Restaurant Mathilda, campusarea<\/div>\n<\/div>\n<div style=\"border: 1px solid #ddd;margin-bottom: 10px\">\n<div style=\"background: #f0f0f0;padding: 8px;font-weight: bold\">12:30\u201312:45<\/div>\n<div style=\"background: #e8f4ff;padding: 10px\"><strong>Konferenssin avaus \/ Opening of the Conference<\/strong><br \/>\nProfessori Tanja Sihvonen<br \/>\nB201 Wolff, Tervahovi<\/div>\n<\/div>\n<div style=\"border: 1px solid #ddd;margin-bottom: 10px\">\n<div style=\"background: #f0f0f0;padding: 8px;font-weight: bold\">12:45\u201313:45<\/div>\n<div style=\"background: #e8f4ff;padding: 10px\"><strong>Keynote I<\/strong><br \/>\nJING ZENG: The Rusting Roots of Truth and Knowledge in the Age of AI and Platforms<br \/>\nB201 Wolff, Tervahovi<\/div>\n<\/div>\n<div style=\"border: 1px solid #ddd;margin-bottom: 10px\">\n<div style=\"background: #f0f0f0;padding: 8px;font-weight: bold\">13:45\u201314:15<\/div>\n<div style=\"background: #fff3cd;padding: 10px\"><strong>Kahvitauko \/ Coffee break<\/strong><br \/>\nRavintola Mathilda, kampus \/ Restaurant Mathilda, campusarea<\/div>\n<\/div>\n<p><!-- TY\u00d6RYHM\u00c4T I --><\/p>\n<div style=\"border: 1px solid #ddd;margin-bottom: 10px\">\n<div style=\"background: #f0f0f0;padding: 8px;font-weight: bold\">14:15\u201315:45 Ty\u00f6ryhm\u00e4t \/ Working groups I<\/div>\n<div style=\"padding: 10px\">\n<div style=\"background: #eaf7ea;padding: 8px;margin-bottom: 5px\">Juuret \u2013 Journalismin perustat ja uudet versot (Roots \u2013 The foundations and new offshoots of journalism) (1\/3)<br \/>\nB209<\/div>\n<div style=\"background: #eaf7ea;padding: 8px;margin-bottom: 5px\">Visuaalisen tutkimuksen ty\u00f6ryhm\u00e4 (1\/2)<br \/>\nD103<\/div>\n<div style=\"background: #eaf7ea;padding: 8px;margin-bottom: 5px\">Mediatalouden ja viestint\u00e4politiikan ty\u00f6ryhm\u00e4 (1\/3)<br \/>\nB211<\/div>\n<div style=\"background: #eaf7ea;padding: 8px;margin-bottom: 5px\">Roots and appearance of misleading in digital communication (1\/2)<br \/>\nD115<\/div>\n<div style=\"background: #eaf7ea;padding: 8px;margin-bottom: 5px\">Informaatioresilienssin moniulotteisuus median ja viestinn\u00e4n kent\u00e4ll\u00e4 (The Multidimensionality of Information Resilience in the Field of Media and Communication Research) (1\/3)<br \/>\nC203 Kurten<\/div>\n<div style=\"background: #eaf7ea;padding: 8px;margin-bottom: 5px\">Poliittinen viestint\u00e4 affektiivisen polarisaation aikakaudella (1\/2)<br \/>\nD118<\/div>\n<div style=\"background: #eaf7ea;padding: 8px;margin-bottom: 5px\">Teko\u00e4ly journalismissa (1\/2)<br \/>\nC209<\/div>\n<div style=\"background: #eaf7ea;padding: 8px;margin-bottom: 5px\">N\u00e4k\u00f6kulmia televisioon ennen ja nyt (1\/2)<br \/>\nD124<\/div>\n<div style=\"background: #eaf7ea;padding: 8px;margin-bottom: 5px\">Viestiv\u00e4n teko\u00e4lyn juuret ja joutomaat (Communicative AI: roots and repercussions) (1\/2)<br \/>\nD102<\/div>\n<div style=\"background: #eaf7ea;padding: 8px;margin-bottom: 5px\">Ekomediatutkimuksen versovat kent\u00e4t (1\/1)<br \/>\nD215<\/div>\n<div style=\"background: #eaf7ea;padding: 8px\">Tiede, teknologia ja asiantuntijuus julkisuudessa (1\/1)<br \/>\nD221<\/div>\n<\/div>\n<\/div>\n<\/div>\n<div style=\"border: 1px solid #ddd;margin-bottom: 10px\">\n<div style=\"background: #f0f0f0;padding: 8px;font-weight: bold\">15:45\u201316:00<\/div>\n<div style=\"background: #fff3cd;padding: 10px\"><strong>Tauko \/ Break<\/strong><\/div>\n<\/div>\n<p><!-- TY\u00d6RYHM\u00c4T II --><\/p>\n<div style=\"border: 1px solid #ddd;margin-bottom: 10px\">\n<div style=\"background: #f0f0f0;padding: 8px;font-weight: bold\">16:00\u201317:30 Ty\u00f6ryhm\u00e4t \/ Working groups II<\/div>\n<div style=\"padding: 10px\">\n<div style=\"background: #eaf7ea;padding: 8px;margin-bottom: 5px\">Juuret \u2013 Journalismin perustat ja uudet versot (2\/3)<br \/>\nB209<\/div>\n<div style=\"background: #eaf7ea;padding: 8px;margin-bottom: 5px\">Visuaalisen tutkimuksen ty\u00f6ryhm\u00e4 (2\/2)<br \/>\nD103<\/div>\n<div style=\"background: #eaf7ea;padding: 8px;margin-bottom: 5px\">Mediatalouden ja viestint\u00e4politiikan ty\u00f6ryhm\u00e4 (2\/3)<br \/>\nB211<\/div>\n<div style=\"background: #eaf7ea;padding: 8px;margin-bottom: 5px\">Roots and appearance of misleading in digital communication (2\/2)<br \/>\nD115<\/div>\n<div style=\"background: #eaf7ea;padding: 8px;margin-bottom: 5px\">Informaatioresilienssin moniulotteisuus median ja viestinn\u00e4n kent\u00e4ll\u00e4 (2\/3)<br \/>\nC203 Kurten<\/div>\n<div style=\"background: #eaf7ea;padding: 8px;margin-bottom: 5px\">Poliittinen viestint\u00e4 affektiivisen polarisaation aikakaudella (2\/2)<br \/>\nD118<\/div>\n<div style=\"background: #eaf7ea;padding: 8px;margin-bottom: 5px\">Teko\u00e4ly journalismissa (2\/2)<br \/>\nC209<\/div>\n<div style=\"background: #eaf7ea;padding: 8px;margin-bottom: 5px\">N\u00e4k\u00f6kulmia televisioon ennen ja nyt (2\/2)<br \/>\nD124<\/div>\n<div style=\"background: #eaf7ea;padding: 8px;margin-bottom: 5px\">Viestiv\u00e4n teko\u00e4lyn juuret ja joutomaat (2\/2)<br \/>\nD102<\/div>\n<div style=\"background: #eaf7ea;padding: 8px\">Media, teknologia ja kest\u00e4vyys (Media, technology, and sustainability) (1\/2)<br \/>\nD215<\/div>\n<\/div>\n<\/div>\n<p><!-- Iltaohjelma --><\/p>\n<div style=\"border: 1px solid #ddd;margin-bottom: 10px\">\n<div style=\"background: #f0f0f0;padding: 8px;font-weight: bold\">17:30-21:00 <strong>Iltaohjelma \/ Evening program<\/strong><\/div>\n<div style=\"border: 1px solid #ddd;margin-bottom: 10px\">\n<div style=\"background: #fce8f3;padding: 10px\">Ravintola Mathilda, kampus \/ Restaurant Mathilda, campusarea<\/div>\n<div style=\"background: #fce8f3;padding: 10px\">17:30\u201318:15 Alkumaljat ja tutkielmastipendien jako \/ Welcome reception<br \/>\n18:15\u201321:00 Konferenssi-illallinen \/ Conference dinner<br \/>\n21:00 Yhteiskuljetus keskustaan \/ Shared transport from campus to city centre<\/div>\n<\/div>\n<p><!-- PERJANTAI --><\/p>\n<div style=\"background: #1e3a5f;color: #fff;padding: 10px;font-weight: bold\">Perjantai 8.5.2026 \/ Friday 8 May 2026<\/div>\n<div style=\"border: 1px solid #ddd;margin-bottom: 10px\">\n<div style=\"background: #f0f0f0;padding: 8px;font-weight: bold\">9:30\u201315:00<\/div>\n<div style=\"background: #f5f5f5;padding: 10px\"><strong>Ilmoittautuminen ja infotiski auki \/ Registration &amp; info desk open<\/strong><br \/>\nTervahovi<\/div>\n<\/div>\n<p><!-- TY\u00d6RYHM\u00c4T III --><\/p>\n<div style=\"border: 1px solid #ddd;margin-bottom: 10px\">\n<div style=\"background: #f0f0f0;padding: 8px;font-weight: bold\">10:00\u201311:30 Ty\u00f6ryhm\u00e4t \/ Working groups III<\/div>\n<div style=\"padding: 10px\">\n<div style=\"background: #eaf7ea;padding: 8px;margin-bottom: 5px\">Juuret \u2013 Journalismin perustat ja uudet versot (3\/3)<br \/>\nB209<\/div>\n<div style=\"background: #eaf7ea;padding: 8px;margin-bottom: 5px\">Media, teknologia ja kest\u00e4vyys (Media, technology, and sustainability) (2\/2)<br \/>\nD102<\/div>\n<div style=\"background: #eaf7ea;padding: 8px;margin-bottom: 5px\">Mediatalouden ja viestint\u00e4politiikan ty\u00f6ryhm\u00e4 (3\/3)<br \/>\nB211<\/div>\n<div style=\"background: #eaf7ea;padding: 8px;margin-bottom: 5px\">When News Meet Planetary Boundaries: Rethinking Journalism (1\/1)<br \/>\nD103<\/div>\n<div style=\"background: #eaf7ea;padding: 8px;margin-bottom: 5px\">Informaatioresilienssin moniulotteisuus median ja viestinn\u00e4n kent\u00e4ll\u00e4 (3\/3)<br \/>\nC209<\/div>\n<div style=\"background: #eaf7ea;padding: 8px\">L\u00e4nsi ja muut mediassa: sivilisationaalinen ideologia liberaalin ja s\u00e4\u00e4nt\u00f6pohjaisen j\u00e4rjestyksen haastajana (1\/1)<br \/>\n<strong>Peruttu \/ Cancelled<\/strong><\/div>\n<\/div>\n<\/div>\n<\/div>\n<div style=\"border: 1px solid #ddd;margin-bottom: 10px\">\n<div style=\"background: #f0f0f0;padding: 8px;font-weight: bold\">11:30\u201312:30<\/div>\n<div style=\"background: #f5f5f5;padding: 10px\"><strong>Lounas \/ Lunch<\/strong><br \/>\nRavintola Mathilda, kampus \/ Restaurant Mathilda, campusarea<\/div>\n<\/div>\n<div style=\"border: 1px solid #ddd;margin-bottom: 10px\">\n<div style=\"background: #f0f0f0;padding: 8px;font-weight: bold\">12:30\u201313:30<\/div>\n<div style=\"background: #e8f4ff;padding: 10px\"><strong>Keynote II<\/strong><br \/>\nTANJA AITAMURTO: Siivet ja juuret \u2013 Paikallisuus, liikkuvuus ja identiteetti kansainv\u00e4lisess\u00e4 mediatutkimuksessa<br \/>\nB201 Wolff, Tervahovi<\/div>\n<\/div>\n<div style=\"border: 1px solid #ddd;margin-bottom: 10px\">\n<div style=\"background: #f0f0f0;padding: 8px;font-weight: bold\">13:30\u201313:50<\/div>\n<div style=\"background: #fff3cd;padding: 10px\"><strong>Kahvitauko \/ Coffee break<\/strong><br \/>\nNissin edess\u00e4 (Ankkuri) \/ In front of Nissi (Ankkuri)<\/div>\n<\/div>\n<div style=\"border: 1px solid #ddd;margin-bottom: 10px\">\n<div style=\"background: #f0f0f0;padding: 8px;font-weight: bold\">13:50\u201314:45 Paneeli ja tapaamisia \/ Panel and meetings<\/div>\n<div style=\"padding: 10px\">\n<div style=\"border: 1px solid #ddd;margin-bottom: 10px\">\n<div style=\"background: #f5f5f5;padding: 10px\"><strong>Paneelikeskustelu: Propagandan uusi tuleminen?<\/strong><br \/>\nPanel discussion: The return of propaganda?<br \/>\nPaikka\/place: Nissi, Ankkuri<\/div>\n<div style=\"background: #f5f5f5;padding: 10px\"><strong>Journalistipaneelin ohjausryhm\u00e4n tapaaminen <\/strong><br \/>\nJournalist panel steering group meeting<br \/>\nPaikka\/place: Vuokko, Ankkuri<\/div>\n<\/div>\n<\/div>\n<div style=\"border: 1px solid #ddd;margin-bottom: 10px\">\n<div style=\"background: #f0f0f0;padding: 8px;font-weight: bold\">14:45\u201315:00<\/div>\n<div style=\"padding: 10px\">\n<div style=\"border: 1px solid #ddd;margin-bottom: 10px\">\n<div style=\"background: #f5f5f5;padding: 10px\"><strong>Konferenssin p\u00e4\u00e4t\u00f6s \/ Closing of the Conference<\/strong><br \/>\nProfessori Tanja Sihvonen<\/div>\n<\/div>\n<\/div>\n<\/div>\n<\/div>\n","protected":false},"excerpt":{"rendered":"<p>Schedule for Mevi Days Note: changes to the program are possible. The schedule file can also be downloaded as a PDF version. &nbsp; &nbsp; &nbsp; Keskiviikko 6.5.2026 \/ Wednesday 6 May 2026 18:00 Ennakko-ohjelma \/ Preliminary program Moni\u00e4\u00e4nisen median kuumat perunat -keskustelu: Miten ADHD-diagnooseista puhutaan julkisuudessa? Roundtable: A hot potato of multi-voiced media: How is [&hellip;]<\/p>\n","protected":false},"author":100,"featured_media":0,"parent":0,"menu_order":0,"comment_status":"closed","ping_status":"closed","template":"","meta":{"_acf_changed":false,"footnotes":""},"class_list":["post-417","page","type-page","status-publish","hentry"],"acf":[],"lang":"en","translations":{"en":417,"fi":22},"pll_sync_post":[],"_links":{"self":[{"href":"https:\/\/sites.uwasa.fi\/mevi2026\/wp-json\/wp\/v2\/pages\/417"}],"collection":[{"href":"https:\/\/sites.uwasa.fi\/mevi2026\/wp-json\/wp\/v2\/pages"}],"about":[{"href":"https:\/\/sites.uwasa.fi\/mevi2026\/wp-json\/wp\/v2\/types\/page"}],"author":[{"embeddable":true,"href":"https:\/\/sites.uwasa.fi\/mevi2026\/wp-json\/wp\/v2\/users\/100"}],"replies":[{"embeddable":true,"href":"https:\/\/sites.uwasa.fi\/mevi2026\/wp-json\/wp\/v2\/comments?post=417"}],"version-history":[{"count":11,"href":"https:\/\/sites.uwasa.fi\/mevi2026\/wp-json\/wp\/v2\/pages\/417\/revisions"}],"predecessor-version":[{"id":596,"href":"https:\/\/sites.uwasa.fi\/mevi2026\/wp-json\/wp\/v2\/pages\/417\/revisions\/596"}],"wp:attachment":[{"href":"https:\/\/sites.uwasa.fi\/mevi2026\/wp-json\/wp\/v2\/media?parent=417"}],"curies":[{"name":"wp","href":"https:\/\/api.w.org\/{rel}","templated":true}]}}