{"id":37,"date":"2022-02-01T13:33:16","date_gmt":"2022-02-01T11:33:16","guid":{"rendered":"https:\/\/sites.uwasa.fi\/hyvinvointioikeudenpaivat\/?page_id=37"},"modified":"2022-06-02T10:18:34","modified_gmt":"2022-06-02T07:18:34","slug":"ohjelma","status":"publish","type":"page","link":"https:\/\/sites.uwasa.fi\/hyvinvointioikeudenpaivat\/ohjelma\/","title":{"rendered":"Ohjelma"},"content":{"rendered":"<h4>Maanantai 30.5.2022<\/h4>\n<p><em>10.30 Kampuskierros &#8211; tutustuminen uudistuvaan kampukseen ja opetustiloihin. Kokoontuminen Tritonian p\u00e4\u00e4sis\u00e4\u00e4nk\u00e4ynnin edustalla klo 10.30. Kierroksen j\u00e4lkeen ehtii lounaalle ennen ohjelman alkua.<\/em><\/p>\n<p>12.00 P\u00e4ivien avaus: <strong>Niina M\u00e4ntyl\u00e4<\/strong> (Vaasan yliopisto)<\/p>\n<p>12.05 Keynote <strong>Melanie Hack <\/strong>(University of Bergen, Norway): <a href=\"https:\/\/cloud.uwasa.fi\/index.php\/s\/iyFHipznxNb1eUN\" target=\"_blank\" rel=\"noopener\"><em>Moving towards a social Europe: EU\u2019s work life balance directive and its implementation in Norway<\/em><\/a><\/p>\n<p>12.50 Keynote <strong>Caroline Adolphsen <\/strong>(Aarhus University, Denmark): <a href=\"https:\/\/cloud.uwasa.fi\/index.php\/s\/Ijm9srBu0q6ZFod\" target=\"_blank\" rel=\"noopener\"><em>Recent developments in case-law regarding self-determination in Denmark \u2013 children\u2019s rights and religious minorities<\/em><\/a><\/p>\n<p>13.35 Kahvi<\/p>\n<p>14.00 Sessio 1, puheenjohtaja <strong>Liisa Nieminen<\/strong> (Helsingin yliopisto)<\/p>\n<p style=\"padding-left: 40px\">14.00\u201314.15 <strong>Petra J\u00e4rvinen<\/strong> (Tampereen yliopisto): <a href=\"https:\/\/cloud.uwasa.fi\/index.php\/s\/7gR1BJMs9CTwQX4\" target=\"_blank\" rel=\"noopener\"><em>Avioliittovaatimus adoptiossa<\/em><\/a><\/p>\n<p style=\"padding-left: 40px\">14.15\u201314.30 <strong>Tapio Koivula<\/strong> (Lapin yliopisto): <a href=\"https:\/\/cloud.uwasa.fi\/index.php\/s\/lylC47x90pHq6OC\" target=\"_blank\" rel=\"noopener\"><em>Shared parenting in Europe: Should legal measures encouraging shared parenting be considered to be in the best interests of the child under European human rights law?<\/em><\/a><\/p>\n<p style=\"padding-left: 40px\">14.30\u201314.45 <strong>Virve Valtonen<\/strong> (It\u00e4-Suomen yliopisto): <a href=\"https:\/\/cloud.uwasa.fi\/index.php\/s\/kLHji4BrMb3gXUn\" target=\"_blank\" rel=\"noopener\"><em>Kurinpitoa, ty\u00f6rauhan yll\u00e4pitoa vai oikeuksien turvaamista \u2013 kurinpito j\u00e4rjestelm\u00e4n\u00e4 peruskouluopetuksessa<\/em><\/a><\/p>\n<p style=\"padding-left: 40px\">15.00\u201315.15 <strong>Saara Tuulari<\/strong> (Lapin yliopisto): <a href=\"https:\/\/cloud.uwasa.fi\/index.php\/s\/DhQw5KOMRzL6asz\" target=\"_blank\" rel=\"noopener\"><em>Hyvinvoinnin ulottuvuudet hyvinvointioikeudellisessa tutkimuksessa &#8211; metodologisia avauksia lapsen edun tutkimiseen<\/em><\/a><\/p>\n<p style=\"padding-left: 40px\"><em>Keskustelu<\/em><\/p>\n<p><em>Tauko 5 min<\/em><\/p>\n<p>15.35 Sessio 2, puheenjohtaja <strong>Hannele Tolonen<\/strong> (Helsingin yliopisto)<\/p>\n<p style=\"padding-left: 40px\">15.35\u201315.50 <strong>Liisa Nieminen<\/strong> (Helsingin yliopisto): <em>Koronapandemian vaikutukset haavoittuvassa asemassa olevien lasten l\u00e4heissuhteiden yll\u00e4pit\u00e4miseen ja perhe-el\u00e4m\u00e4n suojaan<\/em><\/p>\n<p style=\"padding-left: 40px\">15.50\u201316.05 <strong>Tiina Petrelius<\/strong> (Vaasan yliopisto):<a href=\"https:\/\/cloud.uwasa.fi\/index.php\/s\/Pd2lSK2OtCgFUt3\" target=\"_blank\" rel=\"noopener\"> <em>Lapsen etu ja oikeudet turvapaikka- ja perheenyhdist\u00e4misprosessissa<\/em><\/a><\/p>\n<p style=\"padding-left: 40px\">16.05\u201316.20 <strong>Eeva Nyk\u00e4nen<\/strong> (It\u00e4-Suomen yliopisto): <a href=\"https:\/\/cloud.uwasa.fi\/index.php\/s\/MPH8yrA7DI2lKcz\" target=\"_blank\" rel=\"noopener\"><em>Perustoimeentuloturvan ehdollisuuden mahdollisuudet<\/em><\/a><\/p>\n<p style=\"padding-left: 40px\">16.20-16.35 <strong>Heidi Vanjusov<\/strong> (It\u00e4-Suomen yliopisto): <a href=\"https:\/\/cloud.uwasa.fi\/index.php\/s\/FRAWcbTMJ3yw4r9\" target=\"_blank\" rel=\"noopener\"><em>P\u00e4ihdepalvelujen yhdenvertainen saavutettavuus<\/em><\/a><\/p>\n<p style=\"padding-left: 40px\"><em>Keskustelu<\/em><\/p>\n<p>16.50 Hyvinvointioikeus-kirjan esittely<\/p>\n<p>17.00 Siirtyminen illalliselle<\/p>\n<p>18.00 Illallinen laivaravintola Faroksessa, Sininen tie 1 (Kalaranta) ennakkoon ilmoittautuneille.<\/p>\n<p>&nbsp;<\/p>\n<h4>Tiistai 31.5.2022<\/h4>\n<p>9.30 Keynote <strong>Mirva Lohiniva-Kerkel\u00e4 <\/strong>(Lapin yliopisto): <a href=\"https:\/\/cloud.uwasa.fi\/index.php\/s\/NZwKjvl0j81ujAU\" target=\"_blank\" rel=\"noopener\"><em>Hyvinvointioikeus ja uudet haasteet<\/em><\/a><\/p>\n<p>10.15 Keynote <strong>Harri Jalonen<\/strong> (Vaasan yliopisto): <a href=\"https:\/\/cloud.uwasa.fi\/index.php\/s\/68PMlsgO10tHd4U\" target=\"_blank\" rel=\"noopener\"><em>Mik\u00e4 muuttuu kun pandemiaa katsotaan syndemiana?<\/em><\/a><\/p>\n<p>10.50 Sessio 3, puheenjohtaja <strong>Virve Toivonen <\/strong>(It\u00e4-Suomen yliopisto)<\/p>\n<p style=\"padding-left: 40px\">10.50\u201311.05 <strong>Kaijus Ervasti<\/strong> (It\u00e4-Suomen yliopisto): <a href=\"https:\/\/cloud.uwasa.fi\/index.php\/s\/wQdnbXaYPaKcOLk\" target=\"_blank\" rel=\"noopener\"><em>Oikeudensaantimahdollisuudet osana hyvinvointioikeutta erityisesti haavoittuvien ryhmien n\u00e4k\u00f6kulmasta<\/em><\/a><\/p>\n<p style=\"padding-left: 40px\">11.05\u201311.20 <strong>Pirjo Oinas<\/strong><strong>, Saara Tuulari &amp; <\/strong>Mirva Lohiniva-Kerkel\u00e4\u00a0(Lapin yliopisto): <a href=\"https:\/\/cloud.uwasa.fi\/index.php\/s\/qQofVvBOosCj1T9\" target=\"_blank\" rel=\"noopener\"><em>Valvonta, omavalvonta ja ilmoitusvelvollisuus sosiaalihuollon palveluissa<\/em><\/a><\/p>\n<p style=\"padding-left: 40px\">11.20\u201311.35 <strong>Jenni Savonen, Mervi Issakainen, Katri Gadd<\/strong> (It\u00e4-Suomen yliopisto): <a href=\"https:\/\/cloud.uwasa.fi\/index.php\/s\/qa2Zc0PD5LtXCyG\" target=\"_blank\" rel=\"noopener\"><em>Uusia tutkimushankkeita haavoittuvassa asemassa olevien ihmisten oikeuksien toteutumisesta<\/em><\/a><\/p>\n<p style=\"padding-left: 40px\">11.35\u201311.50 <strong>Kaisa N\u00e4kki<\/strong> (It\u00e4-Suomen yliopisto): <a href=\"https:\/\/cloud.uwasa.fi\/index.php\/s\/pMuyICHzH6bwJ4X\" target=\"_blank\" rel=\"noopener\"><em>Muistisairauksien monet muodot \u2013 Tutkimus edunvalvonnan tarpeen arvioinnista<\/em><\/a><\/p>\n<p style=\"padding-left: 40px\"><em>Keskustelu<\/em><\/p>\n<p>12.00 Lounas (omakustanteinen)<\/p>\n<p>12.45 Sessio 4, puheenjohtaja <strong>Laura Perttola<\/strong> (Vaasan yliopisto)<\/p>\n<p style=\"padding-left: 40px\">12.45\u201313.00 <strong>Toomas Kotkas<\/strong> (Helsingin yliopisto): <a href=\"https:\/\/cloud.uwasa.fi\/index.php\/s\/vdr9fECw2iBLdzg\" target=\"_blank\" rel=\"noopener\"><em>YK:n vammaisyleissopimuksen merkitys Suomen vammaispalvelulains\u00e4\u00e4d\u00e4nn\u00f6lle ja sit\u00e4 koskevalle oikeusk\u00e4yt\u00e4nn\u00f6lle<\/em><\/a><\/p>\n<p style=\"padding-left: 40px\">13.00\u201313.15 <strong>Niina Gr\u00e5sten<\/strong> (It\u00e4-Suomen yliopisto): <a href=\"https:\/\/cloud.uwasa.fi\/index.php\/s\/sHfxGacHw9wYs5V\" target=\"_blank\" rel=\"noopener\"><em>Vammaisuus erityisten oikeuksien perustana<\/em><\/a><\/p>\n<p style=\"padding-left: 40px\">13.15\u201313.30 <strong>Merja Helenius<\/strong> (Tampereen yliopisto): <a href=\"https:\/\/cloud.uwasa.fi\/index.php\/s\/8g11rJlwL2dedFQ\" target=\"_blank\" rel=\"noopener\"><em>Henkil\u00f6tietojen k\u00e4sittely l\u00e4\u00e4ketieteellisiss\u00e4 interventiotutkimuksissa &#8211; monitahoinen ja haastava kokonaisuus<\/em><\/a><\/p>\n<p style=\"padding-left: 40px\"><em>Keskustelu<\/em><\/p>\n<p style=\"padding-left: 40px\">13.40\u201313.55 <strong>Kirsi-Maria Halonen<\/strong> (Lapin yliopisto): <a href=\"https:\/\/cloud.uwasa.fi\/index.php\/s\/GpVcQZhbiuJYi94\" target=\"_blank\" rel=\"noopener\"><em>Julkisyhteis\u00f6jen omistamat yhti\u00f6t julkis- ja yksityisoikeuden v\u00e4limaastossa<\/em><\/a><\/p>\n<p style=\"padding-left: 40px\">13.55\u201314.10 <strong>Ulrika Krook<\/strong> (L\u00e4nsi Uudenmaan hyvinvointialueen valmistelu): <a href=\"https:\/\/cloud.uwasa.fi\/index.php\/s\/13Qgp5Af2CV4Rdy\" target=\"_blank\" rel=\"noopener\"><em>Nya m\u00f6jligheter ocks\u00e5 f\u00f6r FUUI-verksamheten inom v\u00e4lf\u00e4rdsreformen med en svensk twist<\/em><\/a><\/p>\n<p style=\"padding-left: 40px\">14.10\u201314.25 <strong>Jyri Paasonen<\/strong> (Vaasan yliopisto): <a href=\"https:\/\/cloud.uwasa.fi\/index.php\/s\/PEk92KmNuXsAihT\" target=\"_blank\" rel=\"noopener\"><em>Ty\u00f6turvallisuuslains\u00e4\u00e4d\u00e4nn\u00f6n rikkomusten rangaistusk\u00e4yt\u00e4nn\u00f6ist\u00e4<\/em><\/a><\/p>\n<p style=\"padding-left: 40px\"><em>Keskustelu<\/em><\/p>\n<p>14.45 P\u00e4\u00e4t\u00f6ssanat<\/p>\n","protected":false},"excerpt":{"rendered":"<p>Maanantai 30.5.2022 10.30 Kampuskierros &#8211; tutustuminen uudistuvaan kampukseen ja opetustiloihin. Kokoontuminen Tritonian p\u00e4\u00e4sis\u00e4\u00e4nk\u00e4ynnin edustalla klo 10.30. Kierroksen j\u00e4lkeen ehtii lounaalle ennen ohjelman alkua. 12.00 P\u00e4ivien avaus: Niina M\u00e4ntyl\u00e4 (Vaasan yliopisto) 12.05 Keynote Melanie Hack (University of Bergen, Norway): Moving towards a social Europe: EU\u2019s work life balance directive and its implementation in Norway 12.50 Keynote [&hellip;]<\/p>\n","protected":false},"author":64,"featured_media":0,"parent":0,"menu_order":0,"comment_status":"closed","ping_status":"closed","template":"","meta":{"_acf_changed":false,"footnotes":""},"class_list":["post-37","page","type-page","status-publish","hentry"],"acf":[],"_links":{"self":[{"href":"https:\/\/sites.uwasa.fi\/hyvinvointioikeudenpaivat\/wp-json\/wp\/v2\/pages\/37"}],"collection":[{"href":"https:\/\/sites.uwasa.fi\/hyvinvointioikeudenpaivat\/wp-json\/wp\/v2\/pages"}],"about":[{"href":"https:\/\/sites.uwasa.fi\/hyvinvointioikeudenpaivat\/wp-json\/wp\/v2\/types\/page"}],"author":[{"embeddable":true,"href":"https:\/\/sites.uwasa.fi\/hyvinvointioikeudenpaivat\/wp-json\/wp\/v2\/users\/64"}],"replies":[{"embeddable":true,"href":"https:\/\/sites.uwasa.fi\/hyvinvointioikeudenpaivat\/wp-json\/wp\/v2\/comments?post=37"}],"version-history":[{"count":18,"href":"https:\/\/sites.uwasa.fi\/hyvinvointioikeudenpaivat\/wp-json\/wp\/v2\/pages\/37\/revisions"}],"predecessor-version":[{"id":121,"href":"https:\/\/sites.uwasa.fi\/hyvinvointioikeudenpaivat\/wp-json\/wp\/v2\/pages\/37\/revisions\/121"}],"wp:attachment":[{"href":"https:\/\/sites.uwasa.fi\/hyvinvointioikeudenpaivat\/wp-json\/wp\/v2\/media?parent=37"}],"curies":[{"name":"wp","href":"https:\/\/api.w.org\/{rel}","templated":true}]}}